{"id":2560,"date":"2021-06-23T08:45:33","date_gmt":"2021-06-23T08:45:33","guid":{"rendered":"https:\/\/www.wpdirectorykit.com\/nexproperty\/grid-map"},"modified":"2024-04-09T18:46:00","modified_gmt":"2024-04-09T18:46:00","slug":"grid-map","status":"publish","type":"page","link":"https:\/\/sioimmobiliare.it\/inserzioni\/grid-map\/","title":{"rendered":"Grid map"},"content":{"rendered":"\t\t<div data-elementor-type=\"wp-page\" data-elementor-id=\"2560\" class=\"elementor elementor-2560\">\n\t\t\t\t\t\t<section class=\"elementor-section elementor-top-section elementor-element elementor-element-3314865 elementor-section-boxed elementor-section-height-default elementor-section-height-default\" data-id=\"3314865\" data-element_type=\"section\">\n\t\t\t\t\t\t<div class=\"elementor-container elementor-column-gap-default\">\n\t\t\t\t\t<div class=\"elementor-column elementor-col-33 elementor-top-column elementor-element elementor-element-4dea880\" data-id=\"4dea880\" data-element_type=\"column\">\n\t\t\t<div class=\"elementor-widget-wrap elementor-element-populated\">\n\t\t\t\t\t\t<div class=\"elementor-element elementor-element-14167229 elementor-widget elementor-widget-eli-logo\" data-id=\"14167229\" data-element_type=\"widget\" data-widget_type=\"eli-logo.default\">\n\t\t\t\t<div class=\"elementor-widget-container\">\n\t\t\t<div class=\"widget-eli eli-logo\" id=\"eli_337015337\">\r\n    <div class=\"eli_container\">\r\n                                                    <a  href=\"https:\/\/sioimmobiliare.it\/inserzioni\/\"   class=\"custom-logo-link\">\r\n                    <img decoding=\"async\" src=\"https:\/\/sioimmobiliare.it\/inserzioni\/wp-content\/uploads\/2023\/11\/sio-logo-4.png\" class=\"custom-logo\"  \/>\r\n                <\/a>\r\n                        <\/div>\r\n<\/div>\t\t<\/div>\n\t\t\t\t<\/div>\n\t\t\t\t\t<\/div>\n\t\t<\/div>\n\t\t\t\t<div class=\"elementor-column elementor-col-33 elementor-top-column elementor-element elementor-element-1c3fd8d\" data-id=\"1c3fd8d\" data-element_type=\"column\">\n\t\t\t<div class=\"elementor-widget-wrap elementor-element-populated\">\n\t\t\t\t\t\t<div class=\"elementor-element elementor-element-e25ab70 elementor-widget-mobile__width-auto elementor-widget-tablet__width-auto elementor-widget__width-initial wl-nav-menu--indicator-classic wl-nav-menu--dropdown-tablet wl-nav-menu__text-align-aside wl-nav-menu--toggle wl-nav-menu--burger elementor-widget elementor-widget-eli-menu\" data-id=\"e25ab70\" data-element_type=\"widget\" data-settings=\"{&quot;layout&quot;:&quot;horizontal&quot;,&quot;toggle&quot;:&quot;burger&quot;}\" data-widget_type=\"eli-menu.default\">\n\t\t\t\t<div class=\"elementor-widget-container\">\n\t\t\t\r\n        <div class=\"widget-eli elementinvader-addons-for-elementor eli-menu elementor-clickable\" id=\"eli_237349744\">\r\n    <div class=\"eli-container\">\r\n        <div class=\"wl_nav_mask\"><\/div>\r\n                    <nav role=\"navigation\" class=\"wl-nav-menu--main wl-nav-menu__container wl-nav-menu--layout-horizontal\"><div class=\"menu-menu-2-container\"><ul id=\"menu-1-e25ab70\" class=\"wl-nav-menu wl-nav-menu\"><li class=\"menu-item menu-item-type-custom menu-item-object-custom menu-item-3716\"><a href=\"https:\/\/sioimmobiliare.it\/\" class=\"wl-item\">Home<\/a><\/li>\n<li class=\"menu-item menu-item-type-custom menu-item-object-custom menu-item-has-children menu-item-3627\"><a href=\"https:\/\/www.sioimmobiliare.it\/servizi\/\" class=\"wl-item\">Servizi<\/a>\n<ul class=\"sub-menu wl-nav-menu--dropdown\">\n\t<li class=\"menu-item menu-item-type-custom menu-item-object-custom menu-item-3628\"><a href=\"https:\/\/www.sioimmobiliare.it\/servizi\/acquirenti\/\" class=\"wl-sub-item\">Acquirenti<\/a><\/li>\n\t<li class=\"menu-item menu-item-type-custom menu-item-object-custom menu-item-3629\"><a href=\"https:\/\/www.sioimmobiliare.it\/servizi\/venditori\/\" class=\"wl-sub-item\">Venditori<\/a><\/li>\n\t<li class=\"menu-item menu-item-type-custom menu-item-object-custom menu-item-4089\"><a href=\"https:\/\/www.sioimmobiliare.it\/affitti\/\" class=\"wl-sub-item\">Affitti<\/a><\/li>\n\t<li class=\"menu-item menu-item-type-custom menu-item-object-custom menu-item-3630\"><a href=\"https:\/\/www.sioimmobiliare.it\/servizi\/home-staging\/\" class=\"wl-sub-item\">Home staging<\/a><\/li>\n<\/ul>\n<\/li>\n<li class=\"menu-item menu-item-type-custom menu-item-object-custom menu-item-has-children menu-item-3714\"><a href=\"https:\/\/sioimmobiliare.it\/inserzioni\/grid-map\/\" class=\"wl-item\">Annunci<\/a>\n<ul class=\"sub-menu wl-nav-menu--dropdown\">\n\t<li class=\"menu-item menu-item-type-custom menu-item-object-custom menu-item-4369\"><a href=\"https:\/\/sioimmobiliare.it\/inserzioni\/grid-map\/?field_5=Vendita&#038;search_location%5B%5D=0&#038;search_category%5B%5D=0#results\" class=\"wl-sub-item wl-item-anchor\">Vendita<\/a><\/li>\n\t<li class=\"menu-item menu-item-type-custom menu-item-object-custom menu-item-4370\"><a href=\"https:\/\/sioimmobiliare.it\/inserzioni\/grid-map\/?field_5=Locazione&#038;search_location%5B%5D=52&#038;search_location=52&#038;wmvc_view_type=grid&#038;order_by=post_id%20ASC#results\" class=\"wl-sub-item wl-item-anchor\">Locazione<\/a><\/li>\n<\/ul>\n<\/li>\n<li class=\"menu-item menu-item-type-custom menu-item-object-custom menu-item-4157\"><a href=\"https:\/\/www.sioimmobiliare.it\/chi-siamo\/\" class=\"wl-item\">Chi siamo<\/a><\/li>\n<li class=\"menu-item menu-item-type-custom menu-item-object-custom menu-item-3625\"><a href=\"https:\/\/www.sioimmobiliare.it\/contatti\/\" class=\"wl-item\">Contatti<\/a><\/li>\n<\/ul><\/div><\/nav>\r\n                    <div class=\"wl-menu-toggle\" role=\"button\" aria-label=\"Menu Toggle\" aria-expanded=\"false\">\r\n            <i aria-hidden=\"true\" class=\"fas fa-bars\"><\/i>                    <\/div>\r\n        <nav class=\"wl-nav-menu--dropdown wl-nav-menu__container\" role=\"navigation\" aria-hidden=\"true\">\r\n            <a href=\"#\" class=\"wl_close-menu\">\r\n                <span class=\"bar1\"><\/span>\r\n                <span class=\"bar3\"><\/span>\r\n            <\/a>\r\n            <div class=\"menu-menu-2-container\"><ul id=\"menu-1-e25ab70\" class=\"wl-nav-menu wl-nav-menu\"><li class=\"menu-item menu-item-type-custom menu-item-object-custom menu-item-3716\"><a href=\"https:\/\/sioimmobiliare.it\/\" class=\"wl-item\">Home<\/a><\/li>\n<li class=\"menu-item menu-item-type-custom menu-item-object-custom menu-item-has-children menu-item-3627\"><a href=\"https:\/\/www.sioimmobiliare.it\/servizi\/\" class=\"wl-item\">Servizi<\/a>\n<ul class=\"sub-menu wl-nav-menu--dropdown\">\n\t<li class=\"menu-item menu-item-type-custom menu-item-object-custom menu-item-3628\"><a href=\"https:\/\/www.sioimmobiliare.it\/servizi\/acquirenti\/\" class=\"wl-sub-item\">Acquirenti<\/a><\/li>\n\t<li class=\"menu-item menu-item-type-custom menu-item-object-custom menu-item-3629\"><a href=\"https:\/\/www.sioimmobiliare.it\/servizi\/venditori\/\" class=\"wl-sub-item\">Venditori<\/a><\/li>\n\t<li class=\"menu-item menu-item-type-custom menu-item-object-custom menu-item-4089\"><a href=\"https:\/\/www.sioimmobiliare.it\/affitti\/\" class=\"wl-sub-item\">Affitti<\/a><\/li>\n\t<li class=\"menu-item menu-item-type-custom menu-item-object-custom menu-item-3630\"><a href=\"https:\/\/www.sioimmobiliare.it\/servizi\/home-staging\/\" class=\"wl-sub-item\">Home staging<\/a><\/li>\n<\/ul>\n<\/li>\n<li class=\"menu-item menu-item-type-custom menu-item-object-custom menu-item-has-children menu-item-3714\"><a href=\"https:\/\/sioimmobiliare.it\/inserzioni\/grid-map\/\" class=\"wl-item\">Annunci<\/a>\n<ul class=\"sub-menu wl-nav-menu--dropdown\">\n\t<li class=\"menu-item menu-item-type-custom menu-item-object-custom menu-item-4369\"><a href=\"https:\/\/sioimmobiliare.it\/inserzioni\/grid-map\/?field_5=Vendita&#038;search_location%5B%5D=0&#038;search_category%5B%5D=0#results\" class=\"wl-sub-item wl-item-anchor\">Vendita<\/a><\/li>\n\t<li class=\"menu-item menu-item-type-custom menu-item-object-custom menu-item-4370\"><a href=\"https:\/\/sioimmobiliare.it\/inserzioni\/grid-map\/?field_5=Locazione&#038;search_location%5B%5D=52&#038;search_location=52&#038;wmvc_view_type=grid&#038;order_by=post_id%20ASC#results\" class=\"wl-sub-item wl-item-anchor\">Locazione<\/a><\/li>\n<\/ul>\n<\/li>\n<li class=\"menu-item menu-item-type-custom menu-item-object-custom menu-item-4157\"><a href=\"https:\/\/www.sioimmobiliare.it\/chi-siamo\/\" class=\"wl-item\">Chi siamo<\/a><\/li>\n<li class=\"menu-item menu-item-type-custom menu-item-object-custom menu-item-3625\"><a href=\"https:\/\/www.sioimmobiliare.it\/contatti\/\" class=\"wl-item\">Contatti<\/a><\/li>\n<\/ul><\/div>        <\/nav>\r\n    <\/div>\r\n    \r\n<\/div>\t\t<\/div>\n\t\t\t\t<\/div>\n\t\t\t\t\t<\/div>\n\t\t<\/div>\n\t\t\t\t<div class=\"elementor-column elementor-col-33 elementor-top-column elementor-element elementor-element-181f1b0 elementor-hidden-phone\" data-id=\"181f1b0\" data-element_type=\"column\">\n\t\t\t<div class=\"elementor-widget-wrap elementor-element-populated\">\n\t\t\t\t\t\t<div class=\"elementor-element elementor-element-26bd783 elementor-widget__width-auto elementor-widget elementor-widget-wdk-button-login\" data-id=\"26bd783\" data-element_type=\"widget\" data-widget_type=\"wdk-button-login.default\">\n\t\t\t\t<div class=\"elementor-widget-container\">\n\t\t\t\r\n<div class=\"wdk-element wdk-button-login\" id=\"wdk_el_26bd783\">\r\n        <a href=\"https:\/\/sioimmobiliare.it\/inserzioni\/wp-login.php\" id=\"\" class=\"wdk-element-button login\">\r\n                    <i aria-hidden=\"true\" class=\"fas fa-user\"><\/i>                Login            <\/a>\r\n    \r\n    <\/div>\r\n\r\n\t\t<\/div>\n\t\t\t\t<\/div>\n\t\t\t\t<div class=\"elementor-element elementor-element-b3e7074 elementor-widget__width-initial elementor-widget elementor-widget-wdk-button-addlisting\" data-id=\"b3e7074\" data-element_type=\"widget\" data-widget_type=\"wdk-button-addlisting.default\">\n\t\t\t\t<div class=\"elementor-widget-container\">\n\t\t\t\r\n<div class=\"wdk-element\" id=\"wdk_el_b3e7074\">\r\n            <a href=\"https:\/\/sioimmobiliare.it\/inserzioni\/wp-login.php?redirect_to=https%3A%2F%2Fsioimmobiliare.it%2Finserzioni%2Fwp-admin%2Fadmin.php%3Fpage%3Dwdk_listing\" id=\"\" class=\"wdk-element-button\">\r\n    \r\n                    <i aria-hidden=\"true\" class=\"fas fa-plus\"><\/i>                            <\/a>\r\n<\/div>\r\n\r\n\t\t<\/div>\n\t\t\t\t<\/div>\n\t\t\t\t\t<\/div>\n\t\t<\/div>\n\t\t\t\t\t<\/div>\n\t\t<\/section>\n\t\t\t\t<section class=\"elementor-section elementor-top-section elementor-element elementor-element-319e980 elementor-section-full_width elementor-section-height-default elementor-section-height-default\" data-id=\"319e980\" data-element_type=\"section\">\n\t\t\t\t\t\t<div class=\"elementor-container elementor-column-gap-no\">\n\t\t\t\t\t<div class=\"elementor-column elementor-col-100 elementor-top-column elementor-element elementor-element-8bad6d5\" data-id=\"8bad6d5\" data-element_type=\"column\">\n\t\t\t<div class=\"elementor-widget-wrap elementor-element-populated\">\n\t\t\t\t\t\t<div class=\"elementor-element elementor-element-5d5884b elementor-widget elementor-widget-wdk-map\" data-id=\"5d5884b\" data-element_type=\"widget\" data-widget_type=\"wdk-map.default\">\n\t\t\t\t<div class=\"elementor-widget-container\">\n\t\t\t\r\n<div class=\"wdk-element\" id=\"wdk_el_5d5884b\">\r\n    <div class=\"wdk-map\" class=\"wdk_map_results\">\r\n                <div id=\"wdk_map_results_5d5884b\" style=\"height:500px\" \r\n            data-el_id=\"5d5884b\" \r\n            data-el_type=\"wdk-map\" \r\n                        data-el_page_id=\"2560\"\r\n\r\n            class=\"wdk_map_results wdk_size_image_cover \r\n                        \" >\r\n        <\/div>\r\n    <\/div>\r\n<\/div>\r\n\r\n\t\t<\/div>\n\t\t\t\t<\/div>\n\t\t\t\t<section class=\"elementor-section elementor-inner-section elementor-element elementor-element-b5efbd5 elementor-section-boxed elementor-section-height-default elementor-section-height-default\" data-id=\"b5efbd5\" data-element_type=\"section\">\n\t\t\t\t\t\t<div class=\"elementor-container elementor-column-gap-default\">\n\t\t\t\t\t<div class=\"elementor-column elementor-col-100 elementor-inner-column elementor-element elementor-element-b888a55\" data-id=\"b888a55\" data-element_type=\"column\">\n\t\t\t<div class=\"elementor-widget-wrap elementor-element-populated\">\n\t\t\t\t\t\t<div class=\"elementor-element elementor-element-d45825f elementor-widget elementor-widget-wdk-search\" data-id=\"d45825f\" data-element_type=\"widget\" data-widget_type=\"wdk-search.default\">\n\t\t\t\t<div class=\"elementor-widget-container\">\n\t\t\t\r\n\r\n<div class=\"wdk-element\" id=\"wdk_el_d45825f\">\r\n    <div class=\"wdk-search layout_inline            \">\r\n        <form data-current-link=\"\" data-scrollto=\"results\" class=\"wdk-search-form wdk-skip-empty\r\n          auto_search          \" action=\"https:\/\/sioimmobiliare.it\/inserzioni\/grid-map\/\">\r\n            <input name=\"rectangle_ne\" type=\"hidden\" class=\"wdk-hidden\" value=\"\"\/>\r\n            <input name=\"rectangle_sw\" type=\"hidden\" class=\"wdk-hidden\" value=\"\"\/>\r\n                        \r\n                        <div class=\"wdk-row\">\r\n                                    \r\n<div class=\"wdk-field wdk-col wdk_search_field_5   DROPDOWN  \r\n    wdk_field_id_5\">\r\n    <label class=\"wdk-field-label\">Opzioni<\/label>\r\n    <div class=\"wdk-field-group\">\r\n                    <select name=\"field_5\" class=\"wdk-control\" ><option value=\"\" >Opzioni<\/option><option value=\"Vendita\" >Vendita<\/option><option value=\"Locazione\" >Locazione<\/option><\/select>            <\/div>\r\n<\/div>\r\n\r\n\r\n    <input type=\"hidden\" name=\"search_location[]\" value=\"52\">\r\n\r\n\r\n    <div class=\"wdk-field wdk-col LOCATION \">\r\n        <label class=\"wdk-field-label\">Location<\/label>\r\n        <div class=\"wdk-field-group\">\r\n                                    <script>\r\n            jQuery(document).ready(function($) {\r\n                $('#wdktreeelem0:not(.init)').wdkTreefield({\r\n                    ajax_url: 'https:\/\/sioimmobiliare.it\/inserzioni\/wp-admin\/admin-ajax.php',\r\n                    ajax_param: { \r\n                                \"page\": 'wdk_frontendajax',\r\n                                \"function\": 'treefieldid',\r\n                                \"action\": 'wdk_public_action',\r\n                                \"table\": 'location_m',\r\n                                \"filter_ids\": '53,100,102,101,103,104,105,106,107,108',\r\n                                \"start_id\": '',\r\n                                \"empty_value\": 'All Locations',\r\n                                \"user_check\": '',\r\n                                \"sql_where\": '',\r\n                                \"hide_fields\": ''\r\n                                },\r\n                    attribute_id: 'idlocation',\r\n                    language_id: '',\r\n                    attribute_value: 'location_title',\r\n                    skip_id: '',\r\n                    empty_value: ' - ',\r\n                    text_search: 'Search term',\r\n                    text_no_results: 'No results found',\r\n                    callback_selected: function(key) {\r\n                        $('#wdktreeelem0').trigger(\"change\");\r\n                    }\r\n                }).addClass('init');\r\n            });\r\n        <\/script>\r\n        <input name=\"search_location\" value=\"52\" class=\"wdk-hidden\" type=\"text\" id=\"wdktreeelem0\" readonly\/>                    <\/div>\r\n    <\/div>\r\n\r\n     <div class=\"wdk-field wdk-col CATEGORY \">\r\n        <label class=\"wdk-field-label\">Category<\/label>\r\n        <div class=\"wdk-field-group\">\r\n                                    <script>\r\n            jQuery(document).ready(function($) {\r\n                $('#wdktreeelem1:not(.init)').wdkTreefield({\r\n                    ajax_url: 'https:\/\/sioimmobiliare.it\/inserzioni\/wp-admin\/admin-ajax.php',\r\n                    ajax_param: { \r\n                                \"page\": 'wdk_frontendajax',\r\n                                \"function\": 'treefieldid',\r\n                                \"action\": 'wdk_public_action',\r\n                                \"table\": 'category_m',\r\n                                \"filter_ids\": '',\r\n                                \"start_id\": '',\r\n                                \"empty_value\": 'All Categories',\r\n                                \"user_check\": '',\r\n                                \"sql_where\": '',\r\n                                \"hide_fields\": ''\r\n                                },\r\n                    attribute_id: 'idcategory',\r\n                    language_id: '',\r\n                    attribute_value: 'category_title',\r\n                    skip_id: '',\r\n                    empty_value: ' - ',\r\n                    text_search: 'Search term',\r\n                    text_no_results: 'No results found',\r\n                    callback_selected: function(key) {\r\n                        $('#wdktreeelem1').trigger(\"change\");\r\n                    }\r\n                }).addClass('init');\r\n            });\r\n        <\/script>\r\n        <input name=\"search_category\" value=\"\" class=\"wdk-hidden\" type=\"text\" id=\"wdktreeelem1\" readonly\/>                    <\/div>\r\n    <\/div>\r\n            <div class=\"wdk-col wdk-col-btns\">\r\n                <div class=\"wdk-field wdk-field-btn\">\r\n                    <div class=\"wdk-field-group wdk-field-group-additional\">\r\n                        <button id=\"wdk-search-additional\" type=\"button\" class=\"wdk-search-additional-btn\">Pi\u00f9 filtri<i class=\"wdk-toggle-icon\"><\/i><\/button>\r\n                        <input type='checkbox' style=\"display: none !important\" value='1' name='wdk_search_additional_opened' \/>   \r\n                    <\/div>\r\n                    <div class=\"wdk-field-group wdk-field-group-reset\">\r\n                        <button id=\"wdk-reset-primary\" type=\"reset\" class=\"wdk-search-start wdk-search-reset wdk-click-load-animation\">Resetta<\/button>\r\n                    <\/div>\r\n                    <div class=\"wdk-field-group wdk-field-group-search\">\r\n                        <button id=\"wdk-start-primary\" type=\"submit\" class=\"wdk-search-start wdk-click-load-animation\">&nbsp;&nbsp;Cerca&nbsp;<i class=\"fa fa-spinner fa-spin fa-ajax-indicator\" style=\"display: none;\"><\/i>&nbsp;<\/button>\r\n\r\n                                            <\/div>\r\n                <\/div>\r\n            <\/div>\r\n            <div id='wdk-form-additional' class=\"wdk-col\" style=\"display: none;\">\r\n                <div class=\"wdk-row\">\r\n            \r\n<div class=\"wdk-field wdk-col wdk_search_field_search   INPUTBOX  \r\n    wdk_field_id_search\">\r\n    <label class=\"wdk-field-label\">Search<\/label>\r\n    <div class=\"wdk-field-group\">\r\n                    <input class=\"wdk-control\" name=\"field_search\" type=\"text\" id=\"wdk_field_search\" value=\"\" placeholder=\"Search\">\r\n            <\/div>\r\n<\/div>\r\n\r\n<div class=\"wdk-field wdk-col wdk-slider-range-col wdk_search_field_6   SLIDER_RANGE  \r\n    wdk_field_id_6\">\r\n    <label class=\"wdk-field-label\">Prezzo di vendita<\/label>\r\n    <div class=\"wdk-field-group\">\r\n        <div class=\"wdk-slider-range-field\">\r\n                <div class=\"hidden config-range\"\r\n                data-min=\"0\"\r\n                data-max=\"670000.00\"\r\n                data-sufix=\"\"\r\n                data-prefix=\" (\u20ac)\"\r\n                data-infinity=\"false\"\r\n                data-predifinedMin=\"\"\r\n                data-predifinedMax=\"\"\r\n            >\r\n            <\/div>\r\n            <input type=\"text\" class=\"wdk-slider-range-input\" name=\"skip_field_field_6\" value=\"\" \/>\r\n            <input id=\"wdk_field_6_min\" name=\"field_6_min\" type=\"text\" class=\"value-min wdk-hidden\" value=\"\" \/>\r\n            <input id=\"wdk_field_6_max\" name=\"field_6_max\" type=\"text\" class=\"value-max wdk-hidden\" value=\"\" \/>\r\n        <\/div>\r\n    <\/div>\r\n<\/div>\r\n                                \r\n                                        <\/div>\r\n                    <\/div>\r\n                                <\/div>\r\n        <\/form>\r\n    <\/div>\r\n    <script>\r\n    jQuery(document).ready(function($) {\r\n        $('#wdk_el_d45825f #wdk-search-additional').on('click', function (e) {\r\n            e.preventDefault();\r\n            if ($('#wdk_el_d45825f #wdk-form-additional').length) {\r\n                var addition = $('#wdk_el_d45825f #wdk-form-additional');\r\n                var form = $(this).closest('.wdk-search-form ');\r\n                form.toggleClass('open-form');\r\n                if (form.hasClass('open-form')) {\r\n                    form.find(\"[name='wdk_search_additional_opened']\").prop('checked', 'checked');\r\n                    addition.slideDown();\r\n                } else {\r\n                    addition.slideUp();\r\n                    form.find(\"[name='wdk_search_additional_opened']\").prop('checked', false);\r\n                }\r\n            }\r\n        })\r\n\r\n        $(\"form.wdk-result-page-notdefined\").on('submit', function() {\r\n            wdk_log_notify('Results page not found, please configure results page', 'error');\r\n            return false;\r\n        });\r\n\r\n        const search_highlight = (elem) =>\r\n        {\r\n            if(elem.is('select'))\r\n            {   \r\n                if(elem.val() == '' || elem.val() == 0 || elem.val() == null)\r\n                {\r\n                    \/\/ remove selector class\r\n                    elem.closest('.select-item').removeClass('sel_class');\r\n                    elem.parent().removeClass('sel_class');\r\n                    elem.removeClass('sel_class');\r\n                }\r\n                else\r\n                {                \r\n                    \/\/ add selector class\r\n                    elem.closest('.select-item').addClass('sel_class');\r\n                    elem.parent().addClass('sel_class');\r\n                    elem.addClass('sel_class');\r\n                }\r\n            }\r\n            else if(elem.attr('type') == 'text')\r\n            {\r\n                if(elem.parent().find('.wdk_dropdown_tree').length > 0) \/\/ For treefield\r\n                {\r\n                    if(elem.val() != '' && elem.val() != null)\r\n                    {\r\n                        \/\/ add selector class\r\n                        elem.closest('.wdk_dropdown_tree_style').find('.wdk_dropdown_tree').addClass('sel_class');\r\n                        elem.parent().find('.btn-group:first-child').addClass('sel_class');\r\n                    }\r\n                    else\r\n                    {\r\n                        \/\/ remove selector class\r\n                        elem.closest('.wdk_dropdown_tree_style').find('.wdk_dropdown_tree').removeClass('sel_class');\r\n                        elem.parent().find('.btn-group:first-child').removeClass('sel_class');\r\n                    }\r\n                }\r\n                else  \/\/ For basic input\r\n                {\r\n                    if(elem.val() != '' && elem.val() != null)\r\n                    {\r\n                        \/\/ add selector class\r\n                        elem.addClass('sel_class');\r\n                    }\r\n                    else\r\n                    {\r\n                        \/\/ remove selector class\r\n                        elem.removeClass('sel_class');\r\n                    }\r\n                }\r\n            }\r\n        }\r\n\r\n        \/\/ On change value, change field style\r\n        $('#wdk_el_d45825f').find('input, select').each(function(i)\r\n        {\r\n            $(this).on('change', function(){search_highlight($(this))});\r\n            search_highlight($(this));\r\n        })\r\n            });\r\n    <\/script>\r\n<\/div>\r\n\t\t<\/div>\n\t\t\t\t<\/div>\n\t\t\t\t\t<\/div>\n\t\t<\/div>\n\t\t\t\t\t<\/div>\n\t\t<\/section>\n\t\t\t\t\t<\/div>\n\t\t<\/div>\n\t\t\t\t\t<\/div>\n\t\t<\/section>\n\t\t\t\t<section class=\"elementor-section elementor-top-section elementor-element elementor-element-56317509 elementor-section-boxed elementor-section-height-default elementor-section-height-default\" data-id=\"56317509\" data-element_type=\"section\">\n\t\t\t\t\t\t<div class=\"elementor-container elementor-column-gap-default\">\n\t\t\t\t\t<div class=\"elementor-column elementor-col-66 elementor-top-column elementor-element elementor-element-1fe49fe1\" data-id=\"1fe49fe1\" data-element_type=\"column\">\n\t\t\t<div class=\"elementor-widget-wrap elementor-element-populated\">\n\t\t\t\t\t\t<div class=\"elementor-element elementor-element-db2f9d0 elementor-widget elementor-widget-wdk-listings-results\" data-id=\"db2f9d0\" data-element_type=\"widget\" data-widget_type=\"wdk-listings-results.default\">\n\t\t\t\t<div class=\"elementor-widget-container\">\n\t\t\t<div class=\"wdk-element\" id=\"wdk_el_db2f9d0\">\r\n    <div class=\"wdk-listings-results \r\n    wdk_size_image_cover view-grid                \" \r\n    data-el_id=\"db2f9d0\" \r\n    data-el_type=\"wdk-listings-results\" \r\n        data-el_page_id=\"2560\"\r\n\r\n     id=\"results\" >\r\n                <div class=\"wdk-filter-head\">\r\n                            <div class=\"filter-group order\">\r\n                    <i aria-hidden=\"true\" class=\"fa fa-filter\"><\/i>                    <select name=\"order_by\" class='wdk-order'>\r\n                                                                                    <option value=\"post_id ASC\" >Ordina per: pi\u00f9 vecchio<\/option>\r\n                                                            <option value=\"post_id DESC\" >Ordina per: pi\u00f9 recente<\/option>\r\n                                                            <option value=\"post_title ASC\" >Sort by: Title Asc<\/option>\r\n                                                            <option value=\"post_title DESC\" >Sort by: Title Desc<\/option>\r\n                                                            <option value=\"field_6_NUMBER ASC\" >Ordina per: prezzo min<\/option>\r\n                                                            <option value=\"field_6_NUMBER DESC\" >Ordina per: prezzo mag<\/option>\r\n                                                                        <\/select>\r\n                <\/div>\r\n                                        <div class=\"filter-group wmvc-view-type\">\r\n                    <a class=\"nav-link \" data-id=\"list\" href=\"#list-view\"><i class=\"fa fa-list-ul\"><\/i><\/a>\r\n                    <a class=\"nav-link active\" data-id=\"grid\" href=\"#grid-view\"><i class=\"fa fa-th\"><\/i><\/a>\r\n                <\/div>\r\n                                        <div class=\"filter-group filter-status\">\r\n                    <span>21 Listings<\/span>\r\n                <\/div>\r\n                    <\/div>\r\n                                            <div class=\"wdk-row wdk-inner-listings-results \">\r\n                                        <div class=\"wdk-col\">\r\n                                            \r\n<div class=\"wdk-listing-card grid   is_featured  \">\r\n    <div class=\"wdk-thumbnail\">\r\n\r\n                                                <div class=\"wdk_js_gallery_slider_box\">\r\n                    <div class=\"wdk_js_gallery_slider\">\r\n                                                                                                        <div>\r\n                                <img decoding=\"async\" src=\"https:\/\/sioimmobiliare.it\/inserzioni\/wp-content\/uploads\/2026\/08\/APP.2A-1.jpg\" alt=\"\"  class=\"wdk-image\">\r\n                                <a href=\"https:\/\/sioimmobiliare.it\/inserzioni\/wdk-listing\/appartamento-in-vendita-matera-zona-nord-3\/\" class=\"wdk-thumbnail_link\" title=\"Appartamento in Vendita \u2013 Matera, Zona Nord\"><\/a>\r\n                            <\/div>\r\n                                                                                <div>\r\n                                <img decoding=\"async\" src=\"https:\/\/sioimmobiliare.it\/inserzioni\/wp-content\/uploads\/2026\/06\/tinello01.jpg\" alt=\"\"  class=\"wdk-image\">\r\n                                <a href=\"https:\/\/sioimmobiliare.it\/inserzioni\/wdk-listing\/appartamento-in-vendita-matera-zona-nord-3\/\" class=\"wdk-thumbnail_link\" title=\"Appartamento in Vendita \u2013 Matera, Zona Nord\"><\/a>\r\n                            <\/div>\r\n                                                                                <div>\r\n                                <img decoding=\"async\" src=\"https:\/\/sioimmobiliare.it\/inserzioni\/wp-content\/uploads\/2026\/06\/terrazzo05.jpg\" alt=\"\"  class=\"wdk-image\">\r\n                                <a href=\"https:\/\/sioimmobiliare.it\/inserzioni\/wdk-listing\/appartamento-in-vendita-matera-zona-nord-3\/\" class=\"wdk-thumbnail_link\" title=\"Appartamento in Vendita \u2013 Matera, Zona Nord\"><\/a>\r\n                            <\/div>\r\n                                                                                <div>\r\n                                <img decoding=\"async\" src=\"https:\/\/sioimmobiliare.it\/inserzioni\/wp-content\/uploads\/2026\/06\/soggiorno-pranzo01.jpg\" alt=\"\"  class=\"wdk-image\">\r\n                                <a href=\"https:\/\/sioimmobiliare.it\/inserzioni\/wdk-listing\/appartamento-in-vendita-matera-zona-nord-3\/\" class=\"wdk-thumbnail_link\" title=\"Appartamento in Vendita \u2013 Matera, Zona Nord\"><\/a>\r\n                            <\/div>\r\n                                                                                <div>\r\n                                <img decoding=\"async\" src=\"https:\/\/sioimmobiliare.it\/inserzioni\/wp-content\/uploads\/2026\/06\/studio01.jpg\" alt=\"\"  class=\"wdk-image\">\r\n                                <a href=\"https:\/\/sioimmobiliare.it\/inserzioni\/wdk-listing\/appartamento-in-vendita-matera-zona-nord-3\/\" class=\"wdk-thumbnail_link\" title=\"Appartamento in Vendita \u2013 Matera, Zona Nord\"><\/a>\r\n                            <\/div>\r\n                                                                        <\/div>\r\n                    <div class=\"wdk_js_gallery_slider-carousel_arrows\">\r\n                        <a href=\"#prev\" class=\"wdk-slider-prev\">\r\n                                                            <span class=\"dashicons dashicons-arrow-left-alt2\"><\/span>\r\n                                                    <\/a>\r\n                        <a href=\"#next\" class=\"wdk-slider-next\">\r\n                                                            <span class=\"dashicons dashicons-arrow-right-alt2\"><\/span>\r\n                                                    <\/a>\r\n                    <\/div>\r\n                <\/div>\r\n                            \r\n                    \r\n        \r\n        \r\n        <a href=\"https:\/\/sioimmobiliare.it\/inserzioni\/wdk-listing\/appartamento-in-vendita-matera-zona-nord-3\/\" class=\"wdk-thumbnail_link\" title=\"Appartamento in Vendita \u2013 Matera, Zona Nord\"><\/a>\r\n                    <div class=\"wdk-over-image-top\">\r\n                                            <span class='wdk-field-location_id'>\r\n                Matera                <\/span>\r\n                        <\/div>\r\n                        <div class=\"overlay\"><\/div>\r\n    <\/div>\r\n                        <div class=\"wdk-title\">\r\n                <h2 class=\"title\">\r\n                    <a href=\"https:\/\/sioimmobiliare.it\/inserzioni\/wdk-listing\/appartamento-in-vendita-matera-zona-nord-3\/\" title=\"Appartamento in Vendita \u2013 Matera, Zona Nord\">\r\n                                                                                <span class='wdk-field-post_title'>\r\n                            Appartamento in Vendita \u2013 Matera, Zona Nord                            <\/span> \r\n                                            <\/a>\r\n                <\/h2>\r\n            <\/div>\r\n                                            <div class=\"wdk-features-part\">\r\n                 \r\n                                                <span class=\"wdk-field-item wdk-field-8\">\r\n                            \r\n                                                            <span class=\"wdk-rc-field-label\">Superficie:<\/span> \r\n                            \r\n                            <span class=\"wdk-rc-field-prefix\"><\/span><span class=\"wdk-rc-field-value\">125<\/span><span class=\"wdk-rc-field-suffix\">m\u00b2<\/span>                        <\/span>\r\n                     \r\n                 \r\n                                                <span class=\"wdk-field-item wdk-field-13\">\r\n                            \r\n                                                            <span class=\"wdk-rc-field-label\">Camere da letto:<\/span> \r\n                            \r\n                            <span class=\"wdk-rc-field-prefix\"><\/span><span class=\"wdk-rc-field-value\">3<\/span><span class=\"wdk-rc-field-suffix\"><\/span>                        <\/span>\r\n                     \r\n                 \r\n                                                <span class=\"wdk-field-item wdk-field-14\">\r\n                            \r\n                                                            <span class=\"wdk-rc-field-label\">Bagni:<\/span> \r\n                            \r\n                            <span class=\"wdk-rc-field-prefix\"><\/span><span class=\"wdk-rc-field-value\">2<\/span><span class=\"wdk-rc-field-suffix\"><\/span>                        <\/span>\r\n                     \r\n                            <\/div>\r\n                <div class=\"wdk-divider\"><\/div>\r\n        <div class=\"wdk-footer\">\r\n            <div class=\"wdk-left\">\r\n                <div class=\"wdk-price\">\r\n                                                                                    <span class=\"wdk-field-6\">\r\n                            \u20ac                                                                                                300.000                                                                                                                <\/span> \r\n\r\n                                                        <\/div>\r\n            <\/div>\r\n            <div class=\"wdk-right\">\r\n                <a href=\"https:\/\/sioimmobiliare.it\/inserzioni\/wdk-listing\/appartamento-in-vendita-matera-zona-nord-3\/\" class=\"wdk-btn\"><i class=\"fas fa-chevron-right\"><\/i><\/a>\r\n            <\/div>\r\n        <\/div>\r\n    <\/div>\r\n\r\n                                    <\/div>\r\n                            <div class=\"wdk-col\">\r\n                                            \r\n<div class=\"wdk-listing-card grid   is_featured  \">\r\n    <div class=\"wdk-thumbnail\">\r\n\r\n                                                <div class=\"wdk_js_gallery_slider_box\">\r\n                    <div class=\"wdk_js_gallery_slider\">\r\n                                                                                                        <div>\r\n                                <img decoding=\"async\" src=\"https:\/\/sioimmobiliare.it\/inserzioni\/wp-content\/uploads\/2026\/08\/APP.1A-1.jpg\" alt=\"\"  class=\"wdk-image\">\r\n                                <a href=\"https:\/\/sioimmobiliare.it\/inserzioni\/wdk-listing\/appartamento-in-vendita-matera-zona-nord-2\/\" class=\"wdk-thumbnail_link\" title=\"Appartamento in Vendita \u2013 Matera, Zona Nord\"><\/a>\r\n                            <\/div>\r\n                                                                                <div>\r\n                                <img decoding=\"async\" src=\"https:\/\/sioimmobiliare.it\/inserzioni\/wp-content\/uploads\/2026\/06\/soggiorno02.jpg\" alt=\"\"  class=\"wdk-image\">\r\n                                <a href=\"https:\/\/sioimmobiliare.it\/inserzioni\/wdk-listing\/appartamento-in-vendita-matera-zona-nord-2\/\" class=\"wdk-thumbnail_link\" title=\"Appartamento in Vendita \u2013 Matera, Zona Nord\"><\/a>\r\n                            <\/div>\r\n                                                                                <div>\r\n                                <img decoding=\"async\" src=\"https:\/\/sioimmobiliare.it\/inserzioni\/wp-content\/uploads\/2026\/06\/soggiorno03.jpg\" alt=\"\"  class=\"wdk-image\">\r\n                                <a href=\"https:\/\/sioimmobiliare.it\/inserzioni\/wdk-listing\/appartamento-in-vendita-matera-zona-nord-2\/\" class=\"wdk-thumbnail_link\" title=\"Appartamento in Vendita \u2013 Matera, Zona Nord\"><\/a>\r\n                            <\/div>\r\n                                                                                <div>\r\n                                <img decoding=\"async\" src=\"https:\/\/sioimmobiliare.it\/inserzioni\/wp-content\/uploads\/2026\/06\/soggiorno01.jpg\" alt=\"\"  class=\"wdk-image\">\r\n                                <a href=\"https:\/\/sioimmobiliare.it\/inserzioni\/wdk-listing\/appartamento-in-vendita-matera-zona-nord-2\/\" class=\"wdk-thumbnail_link\" title=\"Appartamento in Vendita \u2013 Matera, Zona Nord\"><\/a>\r\n                            <\/div>\r\n                                            <\/div>\r\n                    <div class=\"wdk_js_gallery_slider-carousel_arrows\">\r\n                        <a href=\"#prev\" class=\"wdk-slider-prev\">\r\n                                                            <span class=\"dashicons dashicons-arrow-left-alt2\"><\/span>\r\n                                                    <\/a>\r\n                        <a href=\"#next\" class=\"wdk-slider-next\">\r\n                                                            <span class=\"dashicons dashicons-arrow-right-alt2\"><\/span>\r\n                                                    <\/a>\r\n                    <\/div>\r\n                <\/div>\r\n                            \r\n                    \r\n        \r\n        \r\n        <a href=\"https:\/\/sioimmobiliare.it\/inserzioni\/wdk-listing\/appartamento-in-vendita-matera-zona-nord-2\/\" class=\"wdk-thumbnail_link\" title=\"Appartamento in Vendita \u2013 Matera, Zona Nord\"><\/a>\r\n                    <div class=\"wdk-over-image-top\">\r\n                                            <span class='wdk-field-location_id'>\r\n                Matera                <\/span>\r\n                        <\/div>\r\n                        <div class=\"overlay\"><\/div>\r\n    <\/div>\r\n                        <div class=\"wdk-title\">\r\n                <h2 class=\"title\">\r\n                    <a href=\"https:\/\/sioimmobiliare.it\/inserzioni\/wdk-listing\/appartamento-in-vendita-matera-zona-nord-2\/\" title=\"Appartamento in Vendita \u2013 Matera, Zona Nord\">\r\n                                                                                <span class='wdk-field-post_title'>\r\n                            Appartamento in Vendita \u2013 Matera, Zona Nord                            <\/span> \r\n                                            <\/a>\r\n                <\/h2>\r\n            <\/div>\r\n                                            <div class=\"wdk-features-part\">\r\n                 \r\n                                                <span class=\"wdk-field-item wdk-field-8\">\r\n                            \r\n                                                            <span class=\"wdk-rc-field-label\">Superficie:<\/span> \r\n                            \r\n                            <span class=\"wdk-rc-field-prefix\"><\/span><span class=\"wdk-rc-field-value\">123<\/span><span class=\"wdk-rc-field-suffix\">m\u00b2<\/span>                        <\/span>\r\n                     \r\n                 \r\n                                                <span class=\"wdk-field-item wdk-field-13\">\r\n                            \r\n                                                            <span class=\"wdk-rc-field-label\">Camere da letto:<\/span> \r\n                            \r\n                            <span class=\"wdk-rc-field-prefix\"><\/span><span class=\"wdk-rc-field-value\">3<\/span><span class=\"wdk-rc-field-suffix\"><\/span>                        <\/span>\r\n                     \r\n                 \r\n                                                <span class=\"wdk-field-item wdk-field-14\">\r\n                            \r\n                                                            <span class=\"wdk-rc-field-label\">Bagni:<\/span> \r\n                            \r\n                            <span class=\"wdk-rc-field-prefix\"><\/span><span class=\"wdk-rc-field-value\">2<\/span><span class=\"wdk-rc-field-suffix\"><\/span>                        <\/span>\r\n                     \r\n                            <\/div>\r\n                <div class=\"wdk-divider\"><\/div>\r\n        <div class=\"wdk-footer\">\r\n            <div class=\"wdk-left\">\r\n                <div class=\"wdk-price\">\r\n                                                                                    <span class=\"wdk-field-6\">\r\n                            \u20ac                                                                                                225.000                                                                                                                <\/span> \r\n\r\n                                                        <\/div>\r\n            <\/div>\r\n            <div class=\"wdk-right\">\r\n                <a href=\"https:\/\/sioimmobiliare.it\/inserzioni\/wdk-listing\/appartamento-in-vendita-matera-zona-nord-2\/\" class=\"wdk-btn\"><i class=\"fas fa-chevron-right\"><\/i><\/a>\r\n            <\/div>\r\n        <\/div>\r\n    <\/div>\r\n\r\n                                    <\/div>\r\n                            <div class=\"wdk-col\">\r\n                                            \r\n<div class=\"wdk-listing-card grid   is_featured  \">\r\n    <div class=\"wdk-thumbnail\">\r\n\r\n                                                <div class=\"wdk_js_gallery_slider_box\">\r\n                    <div class=\"wdk_js_gallery_slider\">\r\n                                                                                                        <div>\r\n                                <img decoding=\"async\" src=\"https:\/\/sioimmobiliare.it\/inserzioni\/wp-content\/uploads\/2026\/08\/APP.-2-1.jpg\" alt=\"\"  class=\"wdk-image\">\r\n                                <a href=\"https:\/\/sioimmobiliare.it\/inserzioni\/wdk-listing\/bilocale-in-vendita-matera-zona-centro-2\/\" class=\"wdk-thumbnail_link\" title=\"Bilocale in Vendita \u2013 Matera, Zona Centro\"><\/a>\r\n                            <\/div>\r\n                                                                                <div>\r\n                                <img decoding=\"async\" src=\"https:\/\/sioimmobiliare.it\/inserzioni\/wp-content\/uploads\/2025\/11\/cucina02.jpg\" alt=\"\"  class=\"wdk-image\">\r\n                                <a href=\"https:\/\/sioimmobiliare.it\/inserzioni\/wdk-listing\/bilocale-in-vendita-matera-zona-centro-2\/\" class=\"wdk-thumbnail_link\" title=\"Bilocale in Vendita \u2013 Matera, Zona Centro\"><\/a>\r\n                            <\/div>\r\n                                                                                <div>\r\n                                <img decoding=\"async\" src=\"https:\/\/sioimmobiliare.it\/inserzioni\/wp-content\/uploads\/2025\/11\/cucina01.jpg\" alt=\"\"  class=\"wdk-image\">\r\n                                <a href=\"https:\/\/sioimmobiliare.it\/inserzioni\/wdk-listing\/bilocale-in-vendita-matera-zona-centro-2\/\" class=\"wdk-thumbnail_link\" title=\"Bilocale in Vendita \u2013 Matera, Zona Centro\"><\/a>\r\n                            <\/div>\r\n                                                                                <div>\r\n                                <img decoding=\"async\" src=\"https:\/\/sioimmobiliare.it\/inserzioni\/wp-content\/uploads\/2025\/11\/camera-da-letto1-04.jpg\" alt=\"\"  class=\"wdk-image\">\r\n                                <a href=\"https:\/\/sioimmobiliare.it\/inserzioni\/wdk-listing\/bilocale-in-vendita-matera-zona-centro-2\/\" class=\"wdk-thumbnail_link\" title=\"Bilocale in Vendita \u2013 Matera, Zona Centro\"><\/a>\r\n                            <\/div>\r\n                                                                                <div>\r\n                                <img decoding=\"async\" src=\"https:\/\/sioimmobiliare.it\/inserzioni\/wp-content\/uploads\/2025\/11\/camera-da-letto1-02.jpg\" alt=\"\"  class=\"wdk-image\">\r\n                                <a href=\"https:\/\/sioimmobiliare.it\/inserzioni\/wdk-listing\/bilocale-in-vendita-matera-zona-centro-2\/\" class=\"wdk-thumbnail_link\" title=\"Bilocale in Vendita \u2013 Matera, Zona Centro\"><\/a>\r\n                            <\/div>\r\n                                                                        <\/div>\r\n                    <div class=\"wdk_js_gallery_slider-carousel_arrows\">\r\n                        <a href=\"#prev\" class=\"wdk-slider-prev\">\r\n                                                            <span class=\"dashicons dashicons-arrow-left-alt2\"><\/span>\r\n                                                    <\/a>\r\n                        <a href=\"#next\" class=\"wdk-slider-next\">\r\n                                                            <span class=\"dashicons dashicons-arrow-right-alt2\"><\/span>\r\n                                                    <\/a>\r\n                    <\/div>\r\n                <\/div>\r\n                            \r\n                    \r\n        \r\n        \r\n        <a href=\"https:\/\/sioimmobiliare.it\/inserzioni\/wdk-listing\/bilocale-in-vendita-matera-zona-centro-2\/\" class=\"wdk-thumbnail_link\" title=\"Bilocale in Vendita \u2013 Matera, Zona Centro\"><\/a>\r\n                        <div class=\"overlay\"><\/div>\r\n    <\/div>\r\n                        <div class=\"wdk-title\">\r\n                <h2 class=\"title\">\r\n                    <a href=\"https:\/\/sioimmobiliare.it\/inserzioni\/wdk-listing\/bilocale-in-vendita-matera-zona-centro-2\/\" title=\"Bilocale in Vendita \u2013 Matera, Zona Centro\">\r\n                                                                                <span class='wdk-field-post_title'>\r\n                            Bilocale in Vendita \u2013 Matera, Zona Centro                            <\/span> \r\n                                            <\/a>\r\n                <\/h2>\r\n            <\/div>\r\n                                            <div class=\"wdk-features-part\">\r\n                 \r\n                                                <span class=\"wdk-field-item wdk-field-8\">\r\n                            \r\n                                                            <span class=\"wdk-rc-field-label\">Superficie:<\/span> \r\n                            \r\n                            <span class=\"wdk-rc-field-prefix\"><\/span><span class=\"wdk-rc-field-value\">68<\/span><span class=\"wdk-rc-field-suffix\">m\u00b2<\/span>                        <\/span>\r\n                     \r\n                 \r\n                                                <span class=\"wdk-field-item wdk-field-13\">\r\n                            \r\n                                                            <span class=\"wdk-rc-field-label\">Camere da letto:<\/span> \r\n                            \r\n                            <span class=\"wdk-rc-field-prefix\"><\/span><span class=\"wdk-rc-field-value\">1<\/span><span class=\"wdk-rc-field-suffix\"><\/span>                        <\/span>\r\n                     \r\n                 \r\n                                                <span class=\"wdk-field-item wdk-field-14\">\r\n                            \r\n                                                            <span class=\"wdk-rc-field-label\">Bagni:<\/span> \r\n                            \r\n                            <span class=\"wdk-rc-field-prefix\"><\/span><span class=\"wdk-rc-field-value\">1<\/span><span class=\"wdk-rc-field-suffix\"><\/span>                        <\/span>\r\n                     \r\n                            <\/div>\r\n                <div class=\"wdk-divider\"><\/div>\r\n        <div class=\"wdk-footer\">\r\n            <div class=\"wdk-left\">\r\n                <div class=\"wdk-price\">\r\n                                                                                    <span class=\"wdk-field-6\">\r\n                            \u20ac                                                                                                96.000                                                                                                                <\/span> \r\n\r\n                                                        <\/div>\r\n            <\/div>\r\n            <div class=\"wdk-right\">\r\n                <a href=\"https:\/\/sioimmobiliare.it\/inserzioni\/wdk-listing\/bilocale-in-vendita-matera-zona-centro-2\/\" class=\"wdk-btn\"><i class=\"fas fa-chevron-right\"><\/i><\/a>\r\n            <\/div>\r\n        <\/div>\r\n    <\/div>\r\n\r\n                                    <\/div>\r\n                            <div class=\"wdk-col\">\r\n                                            \r\n<div class=\"wdk-listing-card grid   is_featured  \">\r\n    <div class=\"wdk-thumbnail\">\r\n\r\n                                                <div class=\"wdk_js_gallery_slider_box\">\r\n                    <div class=\"wdk_js_gallery_slider\">\r\n                                                                                                        <div>\r\n                                <img decoding=\"async\" src=\"https:\/\/sioimmobiliare.it\/inserzioni\/wp-content\/uploads\/2026\/08\/APP.-1-1.jpg\" alt=\"\"  class=\"wdk-image\">\r\n                                <a href=\"https:\/\/sioimmobiliare.it\/inserzioni\/wdk-listing\/bilocale-in-vendita-matera-zona-centro\/\" class=\"wdk-thumbnail_link\" title=\"Bilocale in Vendita \u2013 Matera, Zona Centro\"><\/a>\r\n                            <\/div>\r\n                                                                                <div>\r\n                                <img decoding=\"async\" src=\"https:\/\/sioimmobiliare.it\/inserzioni\/wp-content\/uploads\/2026\/08\/porzione-in-vendita-1.jpg\" alt=\"\"  class=\"wdk-image\">\r\n                                <a href=\"https:\/\/sioimmobiliare.it\/inserzioni\/wdk-listing\/bilocale-in-vendita-matera-zona-centro\/\" class=\"wdk-thumbnail_link\" title=\"Bilocale in Vendita \u2013 Matera, Zona Centro\"><\/a>\r\n                            <\/div>\r\n                                            <\/div>\r\n                    <div class=\"wdk_js_gallery_slider-carousel_arrows\">\r\n                        <a href=\"#prev\" class=\"wdk-slider-prev\">\r\n                                                            <span class=\"dashicons dashicons-arrow-left-alt2\"><\/span>\r\n                                                    <\/a>\r\n                        <a href=\"#next\" class=\"wdk-slider-next\">\r\n                                                            <span class=\"dashicons dashicons-arrow-right-alt2\"><\/span>\r\n                                                    <\/a>\r\n                    <\/div>\r\n                <\/div>\r\n                            \r\n                    \r\n        \r\n        \r\n        <a href=\"https:\/\/sioimmobiliare.it\/inserzioni\/wdk-listing\/bilocale-in-vendita-matera-zona-centro\/\" class=\"wdk-thumbnail_link\" title=\"Bilocale in Vendita \u2013 Matera, Zona Centro\"><\/a>\r\n                            <div class=\"wdk-over-image-bottom\">\r\n                                            <span class='wdk-item wdk-field-5'>\r\n                Vendita                <\/span> \r\n            \r\n            \r\n            \r\n                        <\/div>\r\n                <div class=\"overlay\"><\/div>\r\n    <\/div>\r\n                        <div class=\"wdk-title\">\r\n                <h2 class=\"title\">\r\n                    <a href=\"https:\/\/sioimmobiliare.it\/inserzioni\/wdk-listing\/bilocale-in-vendita-matera-zona-centro\/\" title=\"Bilocale in Vendita \u2013 Matera, Zona Centro\">\r\n                                                                                <span class='wdk-field-post_title'>\r\n                            Bilocale in Vendita \u2013 Matera, Zona Centro                            <\/span> \r\n                                            <\/a>\r\n                <\/h2>\r\n            <\/div>\r\n                                            <div class=\"wdk-features-part\">\r\n                 \r\n                                                <span class=\"wdk-field-item wdk-field-8\">\r\n                            \r\n                                                            <span class=\"wdk-rc-field-label\">Superficie:<\/span> \r\n                            \r\n                            <span class=\"wdk-rc-field-prefix\"><\/span><span class=\"wdk-rc-field-value\">60<\/span><span class=\"wdk-rc-field-suffix\">m\u00b2<\/span>                        <\/span>\r\n                     \r\n                 \r\n                                                <span class=\"wdk-field-item wdk-field-13\">\r\n                            \r\n                                                            <span class=\"wdk-rc-field-label\">Camere da letto:<\/span> \r\n                            \r\n                            <span class=\"wdk-rc-field-prefix\"><\/span><span class=\"wdk-rc-field-value\">1<\/span><span class=\"wdk-rc-field-suffix\"><\/span>                        <\/span>\r\n                     \r\n                 \r\n                                                <span class=\"wdk-field-item wdk-field-14\">\r\n                            \r\n                                                            <span class=\"wdk-rc-field-label\">Bagni:<\/span> \r\n                            \r\n                            <span class=\"wdk-rc-field-prefix\"><\/span><span class=\"wdk-rc-field-value\">1<\/span><span class=\"wdk-rc-field-suffix\"><\/span>                        <\/span>\r\n                     \r\n                            <\/div>\r\n                <div class=\"wdk-divider\"><\/div>\r\n        <div class=\"wdk-footer\">\r\n            <div class=\"wdk-left\">\r\n                <div class=\"wdk-price\">\r\n                                                                                    <span class=\"wdk-field-6\">\r\n                            \u20ac                                                                                                88.000                                                                                                                <\/span> \r\n\r\n                                                        <\/div>\r\n            <\/div>\r\n            <div class=\"wdk-right\">\r\n                <a href=\"https:\/\/sioimmobiliare.it\/inserzioni\/wdk-listing\/bilocale-in-vendita-matera-zona-centro\/\" class=\"wdk-btn\"><i class=\"fas fa-chevron-right\"><\/i><\/a>\r\n            <\/div>\r\n        <\/div>\r\n    <\/div>\r\n\r\n                                    <\/div>\r\n                            <div class=\"wdk-col\">\r\n                                            \r\n<div class=\"wdk-listing-card grid   is_featured  \">\r\n    <div class=\"wdk-thumbnail\">\r\n\r\n                                                <div class=\"wdk_js_gallery_slider_box\">\r\n                    <div class=\"wdk_js_gallery_slider\">\r\n                                                                                                        <div>\r\n                                <img decoding=\"async\" src=\"https:\/\/sioimmobiliare.it\/inserzioni\/wp-content\/uploads\/2026\/07\/TRAT.-CONCLUSA-1.jpg\" alt=\"\"  class=\"wdk-image\">\r\n                                <a href=\"https:\/\/sioimmobiliare.it\/inserzioni\/wdk-listing\/appartamento-in-vendita-policoro-zona-centro\/\" class=\"wdk-thumbnail_link\" title=\"Appartamento in Vendita \u2013 Policoro, Zona Centro\"><\/a>\r\n                            <\/div>\r\n                                                                                <div>\r\n                                <img decoding=\"async\" src=\"https:\/\/sioimmobiliare.it\/inserzioni\/wp-content\/uploads\/2026\/07\/ingresso01.jpg\" alt=\"\"  class=\"wdk-image\">\r\n                                <a href=\"https:\/\/sioimmobiliare.it\/inserzioni\/wdk-listing\/appartamento-in-vendita-policoro-zona-centro\/\" class=\"wdk-thumbnail_link\" title=\"Appartamento in Vendita \u2013 Policoro, Zona Centro\"><\/a>\r\n                            <\/div>\r\n                                                                                <div>\r\n                                <img decoding=\"async\" src=\"https:\/\/sioimmobiliare.it\/inserzioni\/wp-content\/uploads\/2026\/07\/soggiorno03.jpg\" alt=\"\"  class=\"wdk-image\">\r\n                                <a href=\"https:\/\/sioimmobiliare.it\/inserzioni\/wdk-listing\/appartamento-in-vendita-policoro-zona-centro\/\" class=\"wdk-thumbnail_link\" title=\"Appartamento in Vendita \u2013 Policoro, Zona Centro\"><\/a>\r\n                            <\/div>\r\n                                                                                <div>\r\n                                <img decoding=\"async\" src=\"https:\/\/sioimmobiliare.it\/inserzioni\/wp-content\/uploads\/2026\/07\/soggiorno04.jpg\" alt=\"\"  class=\"wdk-image\">\r\n                                <a href=\"https:\/\/sioimmobiliare.it\/inserzioni\/wdk-listing\/appartamento-in-vendita-policoro-zona-centro\/\" class=\"wdk-thumbnail_link\" title=\"Appartamento in Vendita \u2013 Policoro, Zona Centro\"><\/a>\r\n                            <\/div>\r\n                                                                                <div>\r\n                                <img decoding=\"async\" src=\"https:\/\/sioimmobiliare.it\/inserzioni\/wp-content\/uploads\/2026\/07\/balcone01.jpg\" alt=\"\"  class=\"wdk-image\">\r\n                                <a href=\"https:\/\/sioimmobiliare.it\/inserzioni\/wdk-listing\/appartamento-in-vendita-policoro-zona-centro\/\" class=\"wdk-thumbnail_link\" title=\"Appartamento in Vendita \u2013 Policoro, Zona Centro\"><\/a>\r\n                            <\/div>\r\n                                                                        <\/div>\r\n                    <div class=\"wdk_js_gallery_slider-carousel_arrows\">\r\n                        <a href=\"#prev\" class=\"wdk-slider-prev\">\r\n                                                            <span class=\"dashicons dashicons-arrow-left-alt2\"><\/span>\r\n                                                    <\/a>\r\n                        <a href=\"#next\" class=\"wdk-slider-next\">\r\n                                                            <span class=\"dashicons dashicons-arrow-right-alt2\"><\/span>\r\n                                                    <\/a>\r\n                    <\/div>\r\n                <\/div>\r\n                            \r\n                    \r\n        \r\n        \r\n        <a href=\"https:\/\/sioimmobiliare.it\/inserzioni\/wdk-listing\/appartamento-in-vendita-policoro-zona-centro\/\" class=\"wdk-thumbnail_link\" title=\"Appartamento in Vendita \u2013 Policoro, Zona Centro\"><\/a>\r\n                            <div class=\"wdk-over-image-bottom\">\r\n                                            <span class='wdk-item wdk-field-5'>\r\n                Vendita                <\/span> \r\n            \r\n            \r\n            \r\n                        <\/div>\r\n                <div class=\"overlay\"><\/div>\r\n    <\/div>\r\n                        <div class=\"wdk-title\">\r\n                <h2 class=\"title\">\r\n                    <a href=\"https:\/\/sioimmobiliare.it\/inserzioni\/wdk-listing\/appartamento-in-vendita-policoro-zona-centro\/\" title=\"Appartamento in Vendita \u2013 Policoro, Zona Centro\">\r\n                                                                                <span class='wdk-field-post_title'>\r\n                            Appartamento in Vendita \u2013 Policoro, Zona Centro                            <\/span> \r\n                                            <\/a>\r\n                <\/h2>\r\n            <\/div>\r\n                                            <div class=\"wdk-features-part\">\r\n                 \r\n                                                <span class=\"wdk-field-item wdk-field-13\">\r\n                            \r\n                                                            <span class=\"wdk-rc-field-label\">Camere da letto:<\/span> \r\n                            \r\n                            <span class=\"wdk-rc-field-prefix\"><\/span><span class=\"wdk-rc-field-value\">2<\/span><span class=\"wdk-rc-field-suffix\"><\/span>                        <\/span>\r\n                     \r\n                 \r\n                                                <span class=\"wdk-field-item wdk-field-14\">\r\n                            \r\n                                                            <span class=\"wdk-rc-field-label\">Bagni:<\/span> \r\n                            \r\n                            <span class=\"wdk-rc-field-prefix\"><\/span><span class=\"wdk-rc-field-value\">1<\/span><span class=\"wdk-rc-field-suffix\"><\/span>                        <\/span>\r\n                     \r\n                            <\/div>\r\n                <div class=\"wdk-divider\"><\/div>\r\n        <div class=\"wdk-footer\">\r\n            <div class=\"wdk-left\">\r\n                <div class=\"wdk-price\">\r\n                                                                                    <span class=\"wdk-field-6\">\r\n                            \u20ac                                                                                                172.000                                                                                                                <\/span> \r\n\r\n                                                        <\/div>\r\n            <\/div>\r\n            <div class=\"wdk-right\">\r\n                <a href=\"https:\/\/sioimmobiliare.it\/inserzioni\/wdk-listing\/appartamento-in-vendita-policoro-zona-centro\/\" class=\"wdk-btn\"><i class=\"fas fa-chevron-right\"><\/i><\/a>\r\n            <\/div>\r\n        <\/div>\r\n    <\/div>\r\n\r\n                                    <\/div>\r\n                            <div class=\"wdk-col\">\r\n                                            \r\n<div class=\"wdk-listing-card grid   is_featured  \">\r\n    <div class=\"wdk-thumbnail\">\r\n\r\n                                                <div class=\"wdk_js_gallery_slider_box\">\r\n                    <div class=\"wdk_js_gallery_slider\">\r\n                                                                                                        <div>\r\n                                <img decoding=\"async\" src=\"https:\/\/sioimmobiliare.it\/inserzioni\/wp-content\/uploads\/2026\/06\/ingresso01.jpg\" alt=\"\"  class=\"wdk-image\">\r\n                                <a href=\"https:\/\/sioimmobiliare.it\/inserzioni\/wdk-listing\/appartamento-in-vendita-matera-viale-italia\/\" class=\"wdk-thumbnail_link\" title=\"Appartamento in Vendita \u2013 Matera, Zona Nord\"><\/a>\r\n                            <\/div>\r\n                                                                                <div>\r\n                                <img decoding=\"async\" src=\"https:\/\/sioimmobiliare.it\/inserzioni\/wp-content\/uploads\/2026\/06\/soggiorno03.jpg\" alt=\"\"  class=\"wdk-image\">\r\n                                <a href=\"https:\/\/sioimmobiliare.it\/inserzioni\/wdk-listing\/appartamento-in-vendita-matera-viale-italia\/\" class=\"wdk-thumbnail_link\" title=\"Appartamento in Vendita \u2013 Matera, Zona Nord\"><\/a>\r\n                            <\/div>\r\n                                                                                <div>\r\n                                <img decoding=\"async\" src=\"https:\/\/sioimmobiliare.it\/inserzioni\/wp-content\/uploads\/2026\/06\/soggiorno01.jpg\" alt=\"\"  class=\"wdk-image\">\r\n                                <a href=\"https:\/\/sioimmobiliare.it\/inserzioni\/wdk-listing\/appartamento-in-vendita-matera-viale-italia\/\" class=\"wdk-thumbnail_link\" title=\"Appartamento in Vendita \u2013 Matera, Zona Nord\"><\/a>\r\n                            <\/div>\r\n                                                                                <div>\r\n                                <img decoding=\"async\" src=\"https:\/\/sioimmobiliare.it\/inserzioni\/wp-content\/uploads\/2026\/06\/pranzo01.jpg\" alt=\"\"  class=\"wdk-image\">\r\n                                <a href=\"https:\/\/sioimmobiliare.it\/inserzioni\/wdk-listing\/appartamento-in-vendita-matera-viale-italia\/\" class=\"wdk-thumbnail_link\" title=\"Appartamento in Vendita \u2013 Matera, Zona Nord\"><\/a>\r\n                            <\/div>\r\n                                                                                <div>\r\n                                <img decoding=\"async\" src=\"https:\/\/sioimmobiliare.it\/inserzioni\/wp-content\/uploads\/2026\/06\/bagno01.png\" alt=\"\"  class=\"wdk-image\">\r\n                                <a href=\"https:\/\/sioimmobiliare.it\/inserzioni\/wdk-listing\/appartamento-in-vendita-matera-viale-italia\/\" class=\"wdk-thumbnail_link\" title=\"Appartamento in Vendita \u2013 Matera, Zona Nord\"><\/a>\r\n                            <\/div>\r\n                                                                        <\/div>\r\n                    <div class=\"wdk_js_gallery_slider-carousel_arrows\">\r\n                        <a href=\"#prev\" class=\"wdk-slider-prev\">\r\n                                                            <span class=\"dashicons dashicons-arrow-left-alt2\"><\/span>\r\n                                                    <\/a>\r\n                        <a href=\"#next\" class=\"wdk-slider-next\">\r\n                                                            <span class=\"dashicons dashicons-arrow-right-alt2\"><\/span>\r\n                                                    <\/a>\r\n                    <\/div>\r\n                <\/div>\r\n                            \r\n                    \r\n        \r\n        \r\n        <a href=\"https:\/\/sioimmobiliare.it\/inserzioni\/wdk-listing\/appartamento-in-vendita-matera-viale-italia\/\" class=\"wdk-thumbnail_link\" title=\"Appartamento in Vendita \u2013 Matera, Zona Nord\"><\/a>\r\n                    <div class=\"wdk-over-image-top\">\r\n                                            <span class='wdk-field-location_id'>\r\n                Matera                <\/span>\r\n                        <\/div>\r\n                            <div class=\"wdk-over-image-bottom\">\r\n                                            <span class='wdk-item wdk-field-5'>\r\n                Vendita                <\/span> \r\n            \r\n            \r\n            \r\n                        <\/div>\r\n                <div class=\"overlay\"><\/div>\r\n    <\/div>\r\n                        <div class=\"wdk-title\">\r\n                <h2 class=\"title\">\r\n                    <a href=\"https:\/\/sioimmobiliare.it\/inserzioni\/wdk-listing\/appartamento-in-vendita-matera-viale-italia\/\" title=\"Appartamento in Vendita \u2013 Matera, Zona Nord\">\r\n                                                                                <span class='wdk-field-post_title'>\r\n                            Appartamento in Vendita \u2013 Matera, Zona Nord                            <\/span> \r\n                                            <\/a>\r\n                <\/h2>\r\n            <\/div>\r\n                                            <div class=\"wdk-features-part\">\r\n                 \r\n                                                <span class=\"wdk-field-item wdk-field-13\">\r\n                            \r\n                                                            <span class=\"wdk-rc-field-label\">Camere da letto:<\/span> \r\n                            \r\n                            <span class=\"wdk-rc-field-prefix\"><\/span><span class=\"wdk-rc-field-value\">5<\/span><span class=\"wdk-rc-field-suffix\"><\/span>                        <\/span>\r\n                     \r\n                 \r\n                                                <span class=\"wdk-field-item wdk-field-14\">\r\n                            \r\n                                                            <span class=\"wdk-rc-field-label\">Bagni:<\/span> \r\n                            \r\n                            <span class=\"wdk-rc-field-prefix\"><\/span><span class=\"wdk-rc-field-value\">3<\/span><span class=\"wdk-rc-field-suffix\"><\/span>                        <\/span>\r\n                     \r\n                            <\/div>\r\n                <div class=\"wdk-divider\"><\/div>\r\n        <div class=\"wdk-footer\">\r\n            <div class=\"wdk-left\">\r\n                <div class=\"wdk-price\">\r\n                                                                                    <span class=\"wdk-field-6\">\r\n                            \u20ac                                                                                                480.000                                                                                                                <\/span> \r\n\r\n                                                        <\/div>\r\n            <\/div>\r\n            <div class=\"wdk-right\">\r\n                <a href=\"https:\/\/sioimmobiliare.it\/inserzioni\/wdk-listing\/appartamento-in-vendita-matera-viale-italia\/\" class=\"wdk-btn\"><i class=\"fas fa-chevron-right\"><\/i><\/a>\r\n            <\/div>\r\n        <\/div>\r\n    <\/div>\r\n\r\n                                    <\/div>\r\n             \r\n                            <\/div>\r\n                                        <nav class=\"wdk-pagination navigation pagination\" role=\"navigation\"><div class=\"nav-links\"><span aria-current=\"page\" class=\"page-numbers current\">1<\/span><a class=\"page-numbers\" href=\"\/inserzioni\/wp-json\/wp\/v2\/pages\/2560?wmvc_paged=2#results\">2<\/a><a class=\"page-numbers\" href=\"\/inserzioni\/wp-json\/wp\/v2\/pages\/2560?wmvc_paged=3#results\">3<\/a><a class=\"next page-numbers\" href=\"\/inserzioni\/wp-json\/wp\/v2\/pages\/2560?wmvc_paged=2#results\"><span class=\"screen-reader-text\">Next page<\/span><span aria-hidden=\"true\">\u203a<\/span><\/a><a class=\"next page-numbers\" href=\"\/inserzioni\/wp-json\/wp\/v2\/pages\/2560?wmvc_paged=4#results\"><span class=\"screen-reader-text\"><\/span><span aria-hidden=\"true\">\u00bb<\/span><\/a><\/div><\/nav>            <\/div>\r\n        <\/div>\r\n\r\n\t\t<\/div>\n\t\t\t\t<\/div>\n\t\t\t\t\t<\/div>\n\t\t<\/div>\n\t\t\t\t<div class=\"elementor-column elementor-col-33 elementor-top-column elementor-element elementor-element-455d811e\" data-id=\"455d811e\" data-element_type=\"column\">\n\t\t\t<div class=\"elementor-widget-wrap elementor-element-populated\">\n\t\t\t\t\t\t<div class=\"elementor-element elementor-element-555b1359 elementor-widget elementor-widget-heading\" data-id=\"555b1359\" data-element_type=\"widget\" data-widget_type=\"heading.default\">\n\t\t\t\t<div class=\"elementor-widget-container\">\n\t\t\t<style>\/*! elementor - v3.19.0 - 05-02-2024 *\/\n.elementor-heading-title{padding:0;margin:0;line-height:1}.elementor-widget-heading .elementor-heading-title[class*=elementor-size-]>a{color:inherit;font-size:inherit;line-height:inherit}.elementor-widget-heading .elementor-heading-title.elementor-size-small{font-size:15px}.elementor-widget-heading .elementor-heading-title.elementor-size-medium{font-size:19px}.elementor-widget-heading .elementor-heading-title.elementor-size-large{font-size:29px}.elementor-widget-heading .elementor-heading-title.elementor-size-xl{font-size:39px}.elementor-widget-heading .elementor-heading-title.elementor-size-xxl{font-size:59px}<\/style><h2 class=\"elementor-heading-title elementor-size-default\">Propriet\u00e0 in evidenza<\/h2>\t\t<\/div>\n\t\t\t\t<\/div>\n\t\t\t\t<section class=\"elementor-section elementor-inner-section elementor-element elementor-element-648625c1 elementor-section-boxed elementor-section-height-default elementor-section-height-default\" data-id=\"648625c1\" data-element_type=\"section\">\n\t\t\t\t\t\t<div class=\"elementor-container elementor-column-gap-no\">\n\t\t\t\t\t<div class=\"elementor-column elementor-col-100 elementor-inner-column elementor-element elementor-element-1cd2f407\" data-id=\"1cd2f407\" data-element_type=\"column\">\n\t\t\t<div class=\"elementor-widget-wrap elementor-element-populated\">\n\t\t\t\t\t\t<section class=\"elementor-section elementor-inner-section elementor-element elementor-element-76dcc1cd elementor-section-full_width elementor-section-height-default elementor-section-height-default\" data-id=\"76dcc1cd\" data-element_type=\"section\">\n\t\t\t\t\t\t<div class=\"elementor-container elementor-column-gap-no\">\n\t\t\t\t\t<div class=\"elementor-column elementor-col-100 elementor-inner-column elementor-element elementor-element-6d183aa7\" data-id=\"6d183aa7\" data-element_type=\"column\">\n\t\t\t<div class=\"elementor-widget-wrap elementor-element-populated\">\n\t\t\t\t\t\t<div class=\"elementor-element elementor-element-09e658a elementor-widget elementor-widget-wdk-listings-results\" data-id=\"09e658a\" data-element_type=\"widget\" data-widget_type=\"wdk-listings-results.default\">\n\t\t\t\t<div class=\"elementor-widget-container\">\n\t\t\t<div class=\"wdk-element\" id=\"wdk_el_09e658a\">\r\n    <div class=\"wdk-listings-results \r\n    wdk_size_image_cover view-grid                \" \r\n    data-el_id=\"09e658a\" \r\n    data-el_type=\"wdk-listings-results\" \r\n        data-el_page_id=\"2560\"\r\n\r\n    >\r\n                                            <div class=\"wdk-row wdk-inner-listings-results \">\r\n                                        <div class=\"wdk-col\">\r\n                                            \r\n<div class=\"wdk-listing-card grid   is_featured  \">\r\n    <div class=\"wdk-thumbnail\">\r\n\r\n                                                <div class=\"wdk_js_gallery_slider_box\">\r\n                    <div class=\"wdk_js_gallery_slider\">\r\n                                                                                                        <div>\r\n                                <img decoding=\"async\" src=\"https:\/\/sioimmobiliare.it\/inserzioni\/wp-content\/uploads\/2026\/08\/APP.2A-1.jpg\" alt=\"\"  class=\"wdk-image\">\r\n                                <a href=\"https:\/\/sioimmobiliare.it\/inserzioni\/wdk-listing\/appartamento-in-vendita-matera-zona-nord-3\/\" class=\"wdk-thumbnail_link\" title=\"Appartamento in Vendita \u2013 Matera, Zona Nord\"><\/a>\r\n                            <\/div>\r\n                                                                                <div>\r\n                                <img decoding=\"async\" src=\"https:\/\/sioimmobiliare.it\/inserzioni\/wp-content\/uploads\/2026\/06\/tinello01.jpg\" alt=\"\"  class=\"wdk-image\">\r\n                                <a href=\"https:\/\/sioimmobiliare.it\/inserzioni\/wdk-listing\/appartamento-in-vendita-matera-zona-nord-3\/\" class=\"wdk-thumbnail_link\" title=\"Appartamento in Vendita \u2013 Matera, Zona Nord\"><\/a>\r\n                            <\/div>\r\n                                                                                <div>\r\n                                <img decoding=\"async\" src=\"https:\/\/sioimmobiliare.it\/inserzioni\/wp-content\/uploads\/2026\/06\/terrazzo05.jpg\" alt=\"\"  class=\"wdk-image\">\r\n                                <a href=\"https:\/\/sioimmobiliare.it\/inserzioni\/wdk-listing\/appartamento-in-vendita-matera-zona-nord-3\/\" class=\"wdk-thumbnail_link\" title=\"Appartamento in Vendita \u2013 Matera, Zona Nord\"><\/a>\r\n                            <\/div>\r\n                                                                                <div>\r\n                                <img decoding=\"async\" src=\"https:\/\/sioimmobiliare.it\/inserzioni\/wp-content\/uploads\/2026\/06\/soggiorno-pranzo01.jpg\" alt=\"\"  class=\"wdk-image\">\r\n                                <a href=\"https:\/\/sioimmobiliare.it\/inserzioni\/wdk-listing\/appartamento-in-vendita-matera-zona-nord-3\/\" class=\"wdk-thumbnail_link\" title=\"Appartamento in Vendita \u2013 Matera, Zona Nord\"><\/a>\r\n                            <\/div>\r\n                                                                                <div>\r\n                                <img decoding=\"async\" src=\"https:\/\/sioimmobiliare.it\/inserzioni\/wp-content\/uploads\/2026\/06\/studio01.jpg\" alt=\"\"  class=\"wdk-image\">\r\n                                <a href=\"https:\/\/sioimmobiliare.it\/inserzioni\/wdk-listing\/appartamento-in-vendita-matera-zona-nord-3\/\" class=\"wdk-thumbnail_link\" title=\"Appartamento in Vendita \u2013 Matera, Zona Nord\"><\/a>\r\n                            <\/div>\r\n                                                                        <\/div>\r\n                    <div class=\"wdk_js_gallery_slider-carousel_arrows\">\r\n                        <a href=\"#prev\" class=\"wdk-slider-prev\">\r\n                                                            <span class=\"dashicons dashicons-arrow-left-alt2\"><\/span>\r\n                                                    <\/a>\r\n                        <a href=\"#next\" class=\"wdk-slider-next\">\r\n                                                            <span class=\"dashicons dashicons-arrow-right-alt2\"><\/span>\r\n                                                    <\/a>\r\n                    <\/div>\r\n                <\/div>\r\n                            \r\n                    \r\n        \r\n        \r\n        <a href=\"https:\/\/sioimmobiliare.it\/inserzioni\/wdk-listing\/appartamento-in-vendita-matera-zona-nord-3\/\" class=\"wdk-thumbnail_link\" title=\"Appartamento in Vendita \u2013 Matera, Zona Nord\"><\/a>\r\n                    <div class=\"wdk-over-image-top\">\r\n                                            <span class='wdk-field-location_id'>\r\n                Matera                <\/span>\r\n                        <\/div>\r\n                        <div class=\"overlay\"><\/div>\r\n    <\/div>\r\n                        <div class=\"wdk-title\">\r\n                <h2 class=\"title\">\r\n                    <a href=\"https:\/\/sioimmobiliare.it\/inserzioni\/wdk-listing\/appartamento-in-vendita-matera-zona-nord-3\/\" title=\"Appartamento in Vendita \u2013 Matera, Zona Nord\">\r\n                                                                                <span class='wdk-field-post_title'>\r\n                            Appartamento in Vendita \u2013 Matera, Zona Nord                            <\/span> \r\n                                            <\/a>\r\n                <\/h2>\r\n            <\/div>\r\n                                            <div class=\"wdk-features-part\">\r\n                 \r\n                                                <span class=\"wdk-field-item wdk-field-8\">\r\n                            \r\n                                                            <span class=\"wdk-rc-field-label\">Superficie:<\/span> \r\n                            \r\n                            <span class=\"wdk-rc-field-prefix\"><\/span><span class=\"wdk-rc-field-value\">125<\/span><span class=\"wdk-rc-field-suffix\">m\u00b2<\/span>                        <\/span>\r\n                     \r\n                 \r\n                                                <span class=\"wdk-field-item wdk-field-13\">\r\n                            \r\n                                                            <span class=\"wdk-rc-field-label\">Camere da letto:<\/span> \r\n                            \r\n                            <span class=\"wdk-rc-field-prefix\"><\/span><span class=\"wdk-rc-field-value\">3<\/span><span class=\"wdk-rc-field-suffix\"><\/span>                        <\/span>\r\n                     \r\n                 \r\n                                                <span class=\"wdk-field-item wdk-field-14\">\r\n                            \r\n                                                            <span class=\"wdk-rc-field-label\">Bagni:<\/span> \r\n                            \r\n                            <span class=\"wdk-rc-field-prefix\"><\/span><span class=\"wdk-rc-field-value\">2<\/span><span class=\"wdk-rc-field-suffix\"><\/span>                        <\/span>\r\n                     \r\n                            <\/div>\r\n                <div class=\"wdk-divider\"><\/div>\r\n        <div class=\"wdk-footer\">\r\n            <div class=\"wdk-left\">\r\n                <div class=\"wdk-price\">\r\n                                                                                    <span class=\"wdk-field-6\">\r\n                            \u20ac                                                                                                300.000                                                                                                                <\/span> \r\n\r\n                                                        <\/div>\r\n            <\/div>\r\n            <div class=\"wdk-right\">\r\n                <a href=\"https:\/\/sioimmobiliare.it\/inserzioni\/wdk-listing\/appartamento-in-vendita-matera-zona-nord-3\/\" class=\"wdk-btn\"><i class=\"fa fa-angle-right\"><\/i><\/a>\r\n            <\/div>\r\n        <\/div>\r\n    <\/div>\r\n\r\n                                    <\/div>\r\n             \r\n                            <\/div>\r\n                                                    <\/div>\r\n        <\/div>\r\n\r\n\t\t<\/div>\n\t\t\t\t<\/div>\n\t\t\t\t\t<\/div>\n\t\t<\/div>\n\t\t\t\t\t<\/div>\n\t\t<\/section>\n\t\t\t\t\t<\/div>\n\t\t<\/div>\n\t\t\t\t\t<\/div>\n\t\t<\/section>\n\t\t\t\t<section class=\"elementor-section elementor-inner-section elementor-element elementor-element-66614dde elementor-section-boxed elementor-section-height-default elementor-section-height-default\" data-id=\"66614dde\" data-element_type=\"section\">\n\t\t\t\t\t\t<div class=\"elementor-container elementor-column-gap-no\">\n\t\t\t\t\t<div class=\"elementor-column elementor-col-100 elementor-inner-column elementor-element elementor-element-2118405d\" data-id=\"2118405d\" data-element_type=\"column\">\n\t\t\t<div class=\"elementor-widget-wrap elementor-element-populated\">\n\t\t\t\t\t\t<div class=\"elementor-element elementor-element-3bcb3455 elementor-widget elementor-widget-heading\" data-id=\"3bcb3455\" data-element_type=\"widget\" data-widget_type=\"heading.default\">\n\t\t\t\t<div class=\"elementor-widget-container\">\n\t\t\t<h2 class=\"elementor-heading-title elementor-size-default\">Tipo di propriet\u00e0<\/h2>\t\t<\/div>\n\t\t\t\t<\/div>\n\t\t\t\t<div class=\"elementor-element elementor-element-8b3850a elementor-widget elementor-widget-wdk-categories-list\" data-id=\"8b3850a\" data-element_type=\"widget\" data-widget_type=\"wdk-categories-list.default\">\n\t\t\t\t<div class=\"elementor-widget-container\">\n\t\t\t\r\n<div class=\"wdk-element\" id=\"wdk_el_8b3850a\">\r\n    <div class=\"wdk-categories-list\">\r\n        <ul class=\"wdk-categories\">\r\n                                            <li class=\"wdk-item\">\r\n                    <a href=\"https:\/\/sioimmobiliare.it\/inserzioni\/grid-map\/?search_category=14#results\"  class=\"wdk-link\">\r\n                                                    <i aria-hidden=\"true\" class=\"fa fa-angle-right\"><\/i>                                                <span class=\"wdk-title\">Appartamenti<\/span>\r\n                        <span class=\"wdk-count\">(12)<\/span>\r\n                    <\/a>\r\n                <\/li>\r\n                                <li class=\"wdk-item\">\r\n                    <a href=\"https:\/\/sioimmobiliare.it\/inserzioni\/grid-map\/?search_category=15#results\"  class=\"wdk-link\">\r\n                                                    <i aria-hidden=\"true\" class=\"fa fa-angle-right\"><\/i>                                                <span class=\"wdk-title\">Locali commerciali<\/span>\r\n                        <span class=\"wdk-count\">(2)<\/span>\r\n                    <\/a>\r\n                <\/li>\r\n                                <li class=\"wdk-item\">\r\n                    <a href=\"https:\/\/sioimmobiliare.it\/inserzioni\/grid-map\/?search_category=19#results\"  class=\"wdk-link\">\r\n                                                    <i aria-hidden=\"true\" class=\"fa fa-angle-right\"><\/i>                                                <span class=\"wdk-title\">Altro<\/span>\r\n                        <span class=\"wdk-count\">(2)<\/span>\r\n                    <\/a>\r\n                <\/li>\r\n                                <li class=\"wdk-item\">\r\n                    <a href=\"https:\/\/sioimmobiliare.it\/inserzioni\/grid-map\/?search_category=18#results\"  class=\"wdk-link\">\r\n                                                    <i aria-hidden=\"true\" class=\"fa fa-angle-right\"><\/i>                                                <span class=\"wdk-title\">Ville<\/span>\r\n                        <span class=\"wdk-count\">(1)<\/span>\r\n                    <\/a>\r\n                <\/li>\r\n                                <li class=\"wdk-item\">\r\n                    <a href=\"https:\/\/sioimmobiliare.it\/inserzioni\/grid-map\/?search_category=9#results\"  class=\"wdk-link\">\r\n                                                    <i aria-hidden=\"true\" class=\"fa fa-angle-right\"><\/i>                                                <span class=\"wdk-title\">Terreni<\/span>\r\n                        <span class=\"wdk-count\">(0)<\/span>\r\n                    <\/a>\r\n                <\/li>\r\n                                <li class=\"wdk-item\">\r\n                    <a href=\"https:\/\/sioimmobiliare.it\/inserzioni\/grid-map\/?search_category=17#results\"  class=\"wdk-link\">\r\n                                                    <i aria-hidden=\"true\" class=\"fa fa-angle-right\"><\/i>                                                <span class=\"wdk-title\">Masserie e propriet\u00e0 esclusive<\/span>\r\n                        <span class=\"wdk-count\">(0)<\/span>\r\n                    <\/a>\r\n                <\/li>\r\n                                    <\/ul> \r\n    <\/div>\r\n<\/div>\r\n\r\n\t\t<\/div>\n\t\t\t\t<\/div>\n\t\t\t\t\t<\/div>\n\t\t<\/div>\n\t\t\t\t\t<\/div>\n\t\t<\/section>\n\t\t\t\t\t<\/div>\n\t\t<\/div>\n\t\t\t\t\t<\/div>\n\t\t<\/section>\n\t\t\t\t<footer class=\"elementor-section elementor-top-section elementor-element elementor-element-fe50e1f elementor-section-boxed elementor-section-height-default elementor-section-height-default\" data-id=\"fe50e1f\" data-element_type=\"section\" data-settings=\"{&quot;background_background&quot;:&quot;classic&quot;}\">\n\t\t\t\t\t\t<div class=\"elementor-container elementor-column-gap-no\">\n\t\t\t\t\t<div class=\"elementor-column elementor-col-33 elementor-top-column elementor-element elementor-element-4567767\" data-id=\"4567767\" data-element_type=\"column\">\n\t\t\t<div class=\"elementor-widget-wrap elementor-element-populated\">\n\t\t\t\t\t\t<div class=\"elementor-element elementor-element-11f666a4 elementor-widget elementor-widget-eli-logo\" data-id=\"11f666a4\" data-element_type=\"widget\" data-widget_type=\"eli-logo.default\">\n\t\t\t\t<div class=\"elementor-widget-container\">\n\t\t\t<div class=\"widget-eli eli-logo\" id=\"eli_301360804\">\r\n    <div class=\"eli_container\">\r\n                                    <a href=\"https:\/\/sioimmobiliare.it\/inserzioni\/\"  class=\"custom-logo-link\">\r\n                    <img decoding=\"async\" src=\"https:\/\/sioimmobiliare.it\/inserzioni\/wp-content\/uploads\/2023\/11\/sioimmobiliare-logo-bianco-trasparente.png\" alt=\"SioImmobiliare inserzioni\">\r\n                <\/a>\r\n                        <\/div>\r\n<\/div>\t\t<\/div>\n\t\t\t\t<\/div>\n\t\t\t\t<div class=\"elementor-element elementor-element-4158e56 elementor-widget elementor-widget-text-editor\" data-id=\"4158e56\" data-element_type=\"widget\" data-widget_type=\"text-editor.default\">\n\t\t\t\t<div class=\"elementor-widget-container\">\n\t\t\t<style>\/*! elementor - v3.19.0 - 05-02-2024 *\/\n.elementor-widget-text-editor.elementor-drop-cap-view-stacked .elementor-drop-cap{background-color:#69727d;color:#fff}.elementor-widget-text-editor.elementor-drop-cap-view-framed .elementor-drop-cap{color:#69727d;border:3px solid;background-color:transparent}.elementor-widget-text-editor:not(.elementor-drop-cap-view-default) .elementor-drop-cap{margin-top:8px}.elementor-widget-text-editor:not(.elementor-drop-cap-view-default) .elementor-drop-cap-letter{width:1em;height:1em}.elementor-widget-text-editor .elementor-drop-cap{float:left;text-align:center;line-height:1;font-size:50px}.elementor-widget-text-editor .elementor-drop-cap-letter{display:inline-block}<\/style>\t\t\t\t<p>L\u2019agenzia Sioimmobiliare \u00e8 a Matera in via XX Settembre, n. 39.<\/p>\t\t\t\t\t\t<\/div>\n\t\t\t\t<\/div>\n\t\t\t\t<div class=\"elementor-element elementor-element-bc4a197 elementor-list-item-link-inline elementor-mobile-align-center elementor-icon-list--layout-traditional elementor-widget elementor-widget-icon-list\" data-id=\"bc4a197\" data-element_type=\"widget\" data-widget_type=\"icon-list.default\">\n\t\t\t\t<div class=\"elementor-widget-container\">\n\t\t\t<link rel=\"stylesheet\" href=\"https:\/\/sioimmobiliare.it\/inserzioni\/wp-content\/plugins\/elementor\/assets\/css\/widget-icon-list.min.css\">\t\t<ul class=\"elementor-icon-list-items\">\n\t\t\t\t\t\t\t<li class=\"elementor-icon-list-item\">\n\t\t\t\t\t\t\t\t\t\t\t<a href=\"tel:+3908351941947\">\n\n\t\t\t\t\t\t\t\t\t\t\t\t<span class=\"elementor-icon-list-icon\">\n\t\t\t\t\t\t\t<i aria-hidden=\"true\" class=\"fas fa-phone-alt\"><\/i>\t\t\t\t\t\t<\/span>\n\t\t\t\t\t\t\t\t\t\t<span class=\"elementor-icon-list-text\">(+39) 0835 1941947<\/span>\n\t\t\t\t\t\t\t\t\t\t\t<\/a>\n\t\t\t\t\t\t\t\t\t<\/li>\n\t\t\t\t\t\t\t\t<li class=\"elementor-icon-list-item\">\n\t\t\t\t\t\t\t\t\t\t\t<a href=\"mailto:siomatera@gmail.com\">\n\n\t\t\t\t\t\t\t\t\t\t\t\t<span class=\"elementor-icon-list-icon\">\n\t\t\t\t\t\t\t<i aria-hidden=\"true\" class=\"far fa-envelope\"><\/i>\t\t\t\t\t\t<\/span>\n\t\t\t\t\t\t\t\t\t\t<span class=\"elementor-icon-list-text\">siomatera@gmail.com<\/span>\n\t\t\t\t\t\t\t\t\t\t\t<\/a>\n\t\t\t\t\t\t\t\t\t<\/li>\n\t\t\t\t\t\t<\/ul>\n\t\t\t\t<\/div>\n\t\t\t\t<\/div>\n\t\t\t\t\t<\/div>\n\t\t<\/div>\n\t\t\t\t<div class=\"elementor-column elementor-col-33 elementor-top-column elementor-element elementor-element-5281338\" data-id=\"5281338\" data-element_type=\"column\">\n\t\t\t<div class=\"elementor-widget-wrap elementor-element-populated\">\n\t\t\t\t\t\t<div class=\"elementor-element elementor-element-423cf4c elementor-widget elementor-widget-heading\" data-id=\"423cf4c\" data-element_type=\"widget\" data-widget_type=\"heading.default\">\n\t\t\t\t<div class=\"elementor-widget-container\">\n\t\t\t<h2 class=\"elementor-heading-title elementor-size-default\">Propriet\u00e0 pi\u00f9 cercate<\/h2>\t\t<\/div>\n\t\t\t\t<\/div>\n\t\t\t\t<div class=\"elementor-element elementor-element-25a809f elementor-widget elementor-widget-wdk-listings-list\" data-id=\"25a809f\" data-element_type=\"widget\" data-widget_type=\"wdk-listings-list.default\">\n\t\t\t\t<div class=\"elementor-widget-container\">\n\t\t\t<div class=\"wdk-element\" id=\"wdk_el_25a809f\">\r\n    <div class=\"wdk-listings-list\">\r\n        <div class=\"wdk-row\">\r\n                                                                    <div class=\"wdk-col\">\r\n                        <div class=\"listing-item\">\r\n                            <div class=\"listing-img-sec\">\r\n                                <a href=\"https:\/\/sioimmobiliare.it\/inserzioni\/wdk-listing\/appartamento-in-vendita-matera-zona-nord-3\/\" title=\"Appartamento in Vendita \u2013 Matera, Zona Nord\">\r\n                                    <img decoding=\"async\" src=\"https:\/\/sioimmobiliare.it\/inserzioni\/wp-content\/uploads\/2026\/08\/APP.2A-1.jpg\" alt=\"Appartamento in Vendita \u2013 Matera, Zona Nord\">\r\n                                <\/a>\r\n                            <\/div><!--prop-img-sec enf-->\r\n                            <div class=\"listing-inf-sec\">\r\n                                                                    <h3 class=\"title\">\r\n                                        <a href=\"https:\/\/sioimmobiliare.it\/inserzioni\/wdk-listing\/appartamento-in-vendita-matera-zona-nord-3\/\">\r\n                                                                                            <span>\r\n                                                    Appartamento in Vendita \u2013 Matera, Zona Nord                                                <\/span> \r\n                                                                                    <\/a>\r\n                                    <\/h3>\r\n                                                                                                    <div class=\"price\">\r\n                                                                                    <span>\r\n                                                \u20ac                                                                                                                                                            300.000                                                                                                                                                                                                <\/span> \r\n                                                                            <\/div>\r\n                                                            <\/div><!--prop-inf-sec enf-->\r\n                        <\/div>\r\n                    <\/div>\r\n                                                        <div class=\"wdk-col\">\r\n                        <div class=\"listing-item\">\r\n                            <div class=\"listing-img-sec\">\r\n                                <a href=\"https:\/\/sioimmobiliare.it\/inserzioni\/wdk-listing\/appartamento-in-vendita-matera-zona-nord-2\/\" title=\"Appartamento in Vendita \u2013 Matera, Zona Nord\">\r\n                                    <img decoding=\"async\" src=\"https:\/\/sioimmobiliare.it\/inserzioni\/wp-content\/uploads\/2026\/08\/APP.1A-1.jpg\" alt=\"Appartamento in Vendita \u2013 Matera, Zona Nord\">\r\n                                <\/a>\r\n                            <\/div><!--prop-img-sec enf-->\r\n                            <div class=\"listing-inf-sec\">\r\n                                                                    <h3 class=\"title\">\r\n                                        <a href=\"https:\/\/sioimmobiliare.it\/inserzioni\/wdk-listing\/appartamento-in-vendita-matera-zona-nord-2\/\">\r\n                                                                                            <span>\r\n                                                    Appartamento in Vendita \u2013 Matera, Zona Nord                                                <\/span> \r\n                                                                                    <\/a>\r\n                                    <\/h3>\r\n                                                                                                    <div class=\"price\">\r\n                                                                                    <span>\r\n                                                \u20ac                                                                                                                                                            225.000                                                                                                                                                                                                <\/span> \r\n                                                                            <\/div>\r\n                                                            <\/div><!--prop-inf-sec enf-->\r\n                        <\/div>\r\n                    <\/div>\r\n                 \r\n                    <\/div>\r\n    <\/div>\r\n<\/div>\r\n\r\n\t\t<\/div>\n\t\t\t\t<\/div>\n\t\t\t\t\t<\/div>\n\t\t<\/div>\n\t\t\t\t<div class=\"elementor-column elementor-col-33 elementor-top-column elementor-element elementor-element-c36fd2a\" data-id=\"c36fd2a\" data-element_type=\"column\">\n\t\t\t<div class=\"elementor-widget-wrap elementor-element-populated\">\n\t\t\t\t\t\t<div class=\"elementor-element elementor-element-f107edc elementor-widget elementor-widget-heading\" data-id=\"f107edc\" data-element_type=\"widget\" data-widget_type=\"heading.default\">\n\t\t\t\t<div class=\"elementor-widget-container\">\n\t\t\t<h2 class=\"elementor-heading-title elementor-size-default\">Links<\/h2>\t\t<\/div>\n\t\t\t\t<\/div>\n\t\t\t\t<div class=\"elementor-element elementor-element-f98da58 elementor-mobile-align-center elementor-icon-list--layout-traditional elementor-list-item-link-full_width elementor-widget elementor-widget-icon-list\" data-id=\"f98da58\" data-element_type=\"widget\" data-widget_type=\"icon-list.default\">\n\t\t\t\t<div class=\"elementor-widget-container\">\n\t\t\t\t\t<ul class=\"elementor-icon-list-items\">\n\t\t\t\t\t\t\t<li class=\"elementor-icon-list-item\">\n\t\t\t\t\t\t\t\t\t\t\t<a href=\"https:\/\/sioimmobiliare.it\/inserzioni\/grid-map\/?is_featured=on#results\">\n\n\t\t\t\t\t\t\t\t\t\t\t\t<span class=\"elementor-icon-list-icon\">\n\t\t\t\t\t\t\t<i aria-hidden=\"true\" class=\"fas fa-chevron-right\"><\/i>\t\t\t\t\t\t<\/span>\n\t\t\t\t\t\t\t\t\t\t<span class=\"elementor-icon-list-text\">In Evidenza<\/span>\n\t\t\t\t\t\t\t\t\t\t\t<\/a>\n\t\t\t\t\t\t\t\t\t<\/li>\n\t\t\t\t\t\t\t\t<li class=\"elementor-icon-list-item\">\n\t\t\t\t\t\t\t\t\t\t\t<a href=\"https:\/\/sioimmobiliare.it\/inserzioni\/grid-map\/?search_location%5B%5D=52&#038;search_location=52&#038;search_category=14&#038;wmvc_view_type=grid&#038;order_by=post_id%20ASC#results\">\n\n\t\t\t\t\t\t\t\t\t\t\t\t<span class=\"elementor-icon-list-icon\">\n\t\t\t\t\t\t\t<i aria-hidden=\"true\" class=\"fas fa-chevron-right\"><\/i>\t\t\t\t\t\t<\/span>\n\t\t\t\t\t\t\t\t\t\t<span class=\"elementor-icon-list-text\">Ultimi annunci<\/span>\n\t\t\t\t\t\t\t\t\t\t\t<\/a>\n\t\t\t\t\t\t\t\t\t<\/li>\n\t\t\t\t\t\t<\/ul>\n\t\t\t\t<\/div>\n\t\t\t\t<\/div>\n\t\t\t\t\t<\/div>\n\t\t<\/div>\n\t\t\t\t\t<\/div>\n\t\t<\/footer>\n\t\t\t\t<\/div>\n\t\t","protected":false},"excerpt":{"rendered":"<p>Home Servizi Acquirenti Venditori Affitti Home staging Annunci Vendita Locazione Chi siamo Contatti Home Servizi Acquirenti Venditori Affitti Home staging Annunci Vendita Locazione Chi siamo Contatti Opzioni OpzioniVenditaLocazione Location Category Pi\u00f9 filtri Resetta &nbsp;&nbsp;Cerca&nbsp;&nbsp; Search Prezzo di vendita Ordina per: pi\u00f9 vecchioOrdina per: pi\u00f9 recenteSort by: Title AscSort by: Title DescOrdina per: prezzo minOrdina per: [&hellip;]<\/p>\n","protected":false},"author":1,"featured_media":0,"parent":0,"menu_order":0,"comment_status":"closed","ping_status":"closed","template":"elementor_canvas","meta":{"footnotes":""},"_links":{"self":[{"href":"https:\/\/sioimmobiliare.it\/inserzioni\/wp-json\/wp\/v2\/pages\/2560"}],"collection":[{"href":"https:\/\/sioimmobiliare.it\/inserzioni\/wp-json\/wp\/v2\/pages"}],"about":[{"href":"https:\/\/sioimmobiliare.it\/inserzioni\/wp-json\/wp\/v2\/types\/page"}],"author":[{"embeddable":true,"href":"https:\/\/sioimmobiliare.it\/inserzioni\/wp-json\/wp\/v2\/users\/1"}],"replies":[{"embeddable":true,"href":"https:\/\/sioimmobiliare.it\/inserzioni\/wp-json\/wp\/v2\/comments?post=2560"}],"version-history":[{"count":171,"href":"https:\/\/sioimmobiliare.it\/inserzioni\/wp-json\/wp\/v2\/pages\/2560\/revisions"}],"predecessor-version":[{"id":4685,"href":"https:\/\/sioimmobiliare.it\/inserzioni\/wp-json\/wp\/v2\/pages\/2560\/revisions\/4685"}],"wp:attachment":[{"href":"https:\/\/sioimmobiliare.it\/inserzioni\/wp-json\/wp\/v2\/media?parent=2560"}],"curies":[{"name":"wp","href":"https:\/\/api.w.org\/{rel}","templated":true}]}}